{"id":128,"date":"2020-01-27T14:28:42","date_gmt":"2020-01-27T13:28:42","guid":{"rendered":"http:\/\/monquartierzz.org\/?page_id=128"},"modified":"2020-02-13T15:30:58","modified_gmt":"2020-02-13T14:30:58","slug":"ateliers-interactifs","status":"publish","type":"page","link":"https:\/\/monquartierzz.org\/index.php\/ateliers-interactifs\/","title":{"rendered":"Ateliers interactifs"},"content":{"rendered":"\t\t<div data-elementor-type=\"wp-page\" data-elementor-id=\"128\" class=\"elementor elementor-128\" data-elementor-settings=\"[]\">\n\t\t\t\t\t\t<div class=\"elementor-inner\">\n\t\t\t\t\t\t\t<div class=\"elementor-section-wrap\">\n\t\t\t\t\t\t\t<section class=\"elementor-section elementor-top-section elementor-element elementor-element-d1512a2 elementor-section-boxed elementor-section-height-default elementor-section-height-default\" data-id=\"d1512a2\" data-element_type=\"section\">\n\t\t\t\t\t\t<div class=\"elementor-container elementor-column-gap-default\">\n\t\t\t\t\t\t\t<div class=\"elementor-row\">\n\t\t\t\t\t<div class=\"elementor-column elementor-col-100 elementor-top-column elementor-element elementor-element-8a4d7f6\" data-id=\"8a4d7f6\" data-element_type=\"column\">\n\t\t\t<div class=\"elementor-column-wrap elementor-element-populated\">\n\t\t\t\t\t\t\t<div class=\"elementor-widget-wrap\">\n\t\t\t\t\t\t<div class=\"elementor-element elementor-element-cb93092 elementor-widget elementor-widget-text-editor\" data-id=\"cb93092\" data-element_type=\"widget\" data-widget_type=\"text-editor.default\">\n\t\t\t\t<div class=\"elementor-widget-container\">\n\t\t\t\t\t<div class=\"elementor-text-editor elementor-clearfix\"><div id=\"primary\" class=\"content-area clr\"><div id=\"content\" class=\"site-content clr\"><article class=\"single-page-article clr\"><div class=\"entry clr\"><div class=\"elementor elementor-120\" data-elementor-type=\"wp-page\" data-elementor-id=\"120\" data-elementor-settings=\"[]\"><div class=\"elementor-inner\"><div class=\"elementor-section-wrap\"><section class=\"elementor-element elementor-element-b6cdd40 elementor-section-boxed elementor-section-height-default elementor-section-height-default elementor-section elementor-top-section\" data-id=\"b6cdd40\" data-element_type=\"section\"><div class=\"elementor-container elementor-column-gap-default\"><div class=\"elementor-row\"><div class=\"elementor-element elementor-element-5edb362 elementor-column elementor-col-100 elementor-top-column\" data-id=\"5edb362\" data-element_type=\"column\"><div class=\"elementor-column-wrap elementor-element-populated\"><div class=\"elementor-widget-wrap\"><div class=\"elementor-element elementor-element-216bed3 elementor-widget elementor-widget-text-editor\" data-id=\"216bed3\" data-element_type=\"widget\" data-widget_type=\"text-editor.default\"><div class=\"elementor-widget-container\"><div class=\"elementor-text-editor elementor-clearfix\"><p>Voici les actions r\u00e9alis\u00e9es dans le quartier sur la th\u00e9matique \u201cateliers interactifs&#8221; :<\/p><p><a href=\"http:\/\/monquartierzz.org\/index.php\/ateliers-interactifs\/#zheros-dechet\">Partage d\u2019exp\u00e9rience d\u00e9fi 0 d\u00e9chet M\u00e9rignac Arlac &#8211; Les Z\u2019h\u00e9ros du d\u00e9chet<\/a><\/p><p><a href=\"http:\/\/monquartierzz.org\/index.php\/ateliers-interactifs\/#speed-dating\">Speed dating z\u00e9ro d\u00e9chet &#8211; accompagnement personnalis\u00e9 &#8211; Rudy Guilhem\u200b<\/a><\/p><p><a href=\"http:\/\/monquartierzz.org\/index.php\/ateliers-interactifs\/#expo-mec\">Exposition G\u00e9n\u00e9ration ZZ dans le quartier &#8211; Maison \u00e9co citoyenne<\/a><\/p><p><a href=\"http:\/\/monquartierzz.org\/index.php\/ateliers-interactifs\/#deambulations\">D\u00e9ambulations en pied d\u2019immeubles &#8211; e-graine<\/a><\/p><p><a href=\"http:\/\/monquartierzz.org\/index.php\/ateliers-interactifs\/#sensibilisation\">Animation d&#8217;ateliers de sensibilisation aux modes de consommation responsables &#8211; Maxime Bonamie<\/a><\/p><p><a href=\"http:\/\/monquartierzz.org\/index.php\/ateliers-interactifs\/#compostage-partage\">Compostage participatif de quartier &#8211; Au Ras du Sol<\/a><\/p><p><a href=\"http:\/\/monquartierzz.org\/index.php\/ateliers-interactifs\/#ateliers-couture\">Ateliers couture &#8211; Recup\u2019r<\/a><\/p><p><a href=\"http:\/\/monquartierzz.org\/index.php\/ateliers-interactifs\/#ateliers-culinaires\">Ateliers culinaires et porte-\u00e0-porte &#8211; \u00c9changes Nord Sud<\/a><\/p><p><a href=\"http:\/\/monquartierzz.org\/index.php\/ateliers-interactifs\/#ateliers-cuisine\">Ateliers de cuisine 0 gaspi avec les habitant\u00b7es &#8211; L\u2019assiette en transition<\/a><\/p><\/div><\/div><\/div><\/div><\/div><\/div><\/div><\/div><\/section><\/div><\/div><\/div><\/div><\/article><\/div><\/div><\/div>\n\t\t\t\t<\/div>\n\t\t\t\t<\/div>\n\t\t\t\t<div class=\"elementor-element elementor-element-d17f487 elementor-widget elementor-widget-menu-anchor\" data-id=\"d17f487\" data-element_type=\"widget\" data-widget_type=\"menu-anchor.default\">\n\t\t\t\t<div class=\"elementor-widget-container\">\n\t\t\t\t\t<div id=\"zheros-dechet\" class=\"elementor-menu-anchor\"><\/div>\n\t\t\t\t<\/div>\n\t\t\t\t<\/div>\n\t\t\t\t<div class=\"elementor-element elementor-element-51e1941 elementor-widget elementor-widget-heading\" data-id=\"51e1941\" data-element_type=\"widget\" data-widget_type=\"heading.default\">\n\t\t\t\t<div class=\"elementor-widget-container\">\n\t\t\t<h2 class=\"elementor-heading-title elementor-size-default\">Partage d\u2019exp\u00e9rience d\u00e9fi 0 d\u00e9chet M\u00e9rignac Arlac - Les Z\u2019h\u00e9ros du d\u00e9chet<\/h2>\t\t<\/div>\n\t\t\t\t<\/div>\n\t\t\t\t\t\t<\/div>\n\t\t\t\t\t<\/div>\n\t\t<\/div>\n\t\t\t\t\t\t\t\t<\/div>\n\t\t\t\t\t<\/div>\n\t\t<\/section>\n\t\t\t\t<section class=\"elementor-section elementor-top-section elementor-element elementor-element-95c1729 elementor-section-boxed elementor-section-height-default elementor-section-height-default\" data-id=\"95c1729\" data-element_type=\"section\">\n\t\t\t\t\t\t<div class=\"elementor-container elementor-column-gap-default\">\n\t\t\t\t\t\t\t<div class=\"elementor-row\">\n\t\t\t\t\t<div class=\"elementor-column elementor-col-100 elementor-top-column elementor-element elementor-element-5a695d3\" data-id=\"5a695d3\" data-element_type=\"column\">\n\t\t\t<div class=\"elementor-column-wrap elementor-element-populated\">\n\t\t\t\t\t\t\t<div class=\"elementor-widget-wrap\">\n\t\t\t\t\t\t<div class=\"elementor-element elementor-element-a37996d elementor-widget elementor-widget-text-editor\" data-id=\"a37996d\" data-element_type=\"widget\" data-widget_type=\"text-editor.default\">\n\t\t\t\t<div class=\"elementor-widget-container\">\n\t\t\t\t\t<div class=\"elementor-text-editor elementor-clearfix\"><p><a href=\"https:\/\/www.facebook.com\/leszherosdudechet\/\" target=\"_blank\" rel=\"noopener\"><img loading=\"lazy\" class=\"alignright wp-image-290\" src=\"http:\/\/monquartierzz.org\/wp-content\/uploads\/2020\/01\/Zh\u00e9ros-d\u00e9chet-300x250.jpg\" alt=\"\" width=\"173\" height=\"144\" \/><\/a>\u00a0<span style=\"font-size: 17.3333px;\">Moment de partage convivial avec retour d&#8217;exp\u00e9rience sur le d\u00e9fi presque z\u00e9ro d\u00e9chet des familles d&#8217;Arlac qui s&#8217;est d\u00e9roul\u00e9 d&#8217;octobre 2017 \u00e0 juin 2018: id\u00e9e de d\u00e9part, motivations \u00e9cocitoyennes, d\u00e9roulement des ateliers, atteinte des objectifs.<\/span><\/p><\/div>\n\t\t\t\t<\/div>\n\t\t\t\t<\/div>\n\t\t\t\t\t\t<\/div>\n\t\t\t\t\t<\/div>\n\t\t<\/div>\n\t\t\t\t\t\t\t\t<\/div>\n\t\t\t\t\t<\/div>\n\t\t<\/section>\n\t\t\t\t<section class=\"elementor-section elementor-top-section elementor-element elementor-element-1b38934 elementor-section-boxed elementor-section-height-default elementor-section-height-default\" data-id=\"1b38934\" data-element_type=\"section\">\n\t\t\t\t\t\t<div class=\"elementor-container elementor-column-gap-default\">\n\t\t\t\t\t\t\t<div class=\"elementor-row\">\n\t\t\t\t\t<div class=\"elementor-column elementor-col-100 elementor-top-column elementor-element elementor-element-c517fc3\" data-id=\"c517fc3\" data-element_type=\"column\">\n\t\t\t<div class=\"elementor-column-wrap elementor-element-populated\">\n\t\t\t\t\t\t\t<div class=\"elementor-widget-wrap\">\n\t\t\t\t\t\t<div class=\"elementor-element elementor-element-390007b elementor-widget elementor-widget-menu-anchor\" data-id=\"390007b\" data-element_type=\"widget\" data-widget_type=\"menu-anchor.default\">\n\t\t\t\t<div class=\"elementor-widget-container\">\n\t\t\t\t\t<div id=\"speed-dating\" class=\"elementor-menu-anchor\"><\/div>\n\t\t\t\t<\/div>\n\t\t\t\t<\/div>\n\t\t\t\t<div class=\"elementor-element elementor-element-5874210 elementor-widget elementor-widget-heading\" data-id=\"5874210\" data-element_type=\"widget\" data-widget_type=\"heading.default\">\n\t\t\t\t<div class=\"elementor-widget-container\">\n\t\t\t<h2 class=\"elementor-heading-title elementor-size-default\">Speed dating z\u00e9ro d\u00e9chet - accompagnement personnalis\u00e9 - Rudy Guilhem<\/h2>\t\t<\/div>\n\t\t\t\t<\/div>\n\t\t\t\t\t\t<\/div>\n\t\t\t\t\t<\/div>\n\t\t<\/div>\n\t\t\t\t\t\t\t\t<\/div>\n\t\t\t\t\t<\/div>\n\t\t<\/section>\n\t\t\t\t<section class=\"elementor-section elementor-top-section elementor-element elementor-element-f2940ad elementor-section-boxed elementor-section-height-default elementor-section-height-default\" data-id=\"f2940ad\" data-element_type=\"section\">\n\t\t\t\t\t\t<div class=\"elementor-container elementor-column-gap-default\">\n\t\t\t\t\t\t\t<div class=\"elementor-row\">\n\t\t\t\t\t<div class=\"elementor-column elementor-col-100 elementor-top-column elementor-element elementor-element-bd01202\" data-id=\"bd01202\" data-element_type=\"column\">\n\t\t\t<div class=\"elementor-column-wrap elementor-element-populated\">\n\t\t\t\t\t\t\t<div class=\"elementor-widget-wrap\">\n\t\t\t\t\t\t<div class=\"elementor-element elementor-element-80e32b9 elementor-widget elementor-widget-text-editor\" data-id=\"80e32b9\" data-element_type=\"widget\" data-widget_type=\"text-editor.default\">\n\t\t\t\t<div class=\"elementor-widget-container\">\n\t\t\t\t\t<div class=\"elementor-text-editor elementor-clearfix\"><p>Sensibilisation et formation au z\u00e9ro d\u00e9chet, accompagnement personnalis\u00e9 d\u2019habitant\u00b7es lors d\u2019un \u00e9v\u00e9nement, sur un stand.<\/p><\/div>\n\t\t\t\t<\/div>\n\t\t\t\t<\/div>\n\t\t\t\t\t\t<\/div>\n\t\t\t\t\t<\/div>\n\t\t<\/div>\n\t\t\t\t\t\t\t\t<\/div>\n\t\t\t\t\t<\/div>\n\t\t<\/section>\n\t\t\t\t<section class=\"elementor-section elementor-top-section elementor-element elementor-element-b8a1744 elementor-section-boxed elementor-section-height-default elementor-section-height-default\" data-id=\"b8a1744\" data-element_type=\"section\">\n\t\t\t\t\t\t<div class=\"elementor-container elementor-column-gap-default\">\n\t\t\t\t\t\t\t<div class=\"elementor-row\">\n\t\t\t\t\t<div class=\"elementor-column elementor-col-100 elementor-top-column elementor-element elementor-element-55d0e74\" data-id=\"55d0e74\" data-element_type=\"column\">\n\t\t\t<div class=\"elementor-column-wrap elementor-element-populated\">\n\t\t\t\t\t\t\t<div class=\"elementor-widget-wrap\">\n\t\t\t\t\t\t<div class=\"elementor-element elementor-element-7a643e1 elementor-widget elementor-widget-menu-anchor\" data-id=\"7a643e1\" data-element_type=\"widget\" data-widget_type=\"menu-anchor.default\">\n\t\t\t\t<div class=\"elementor-widget-container\">\n\t\t\t\t\t<div id=\"expo-mec\" class=\"elementor-menu-anchor\"><\/div>\n\t\t\t\t<\/div>\n\t\t\t\t<\/div>\n\t\t\t\t<div class=\"elementor-element elementor-element-2d0ba78 elementor-widget elementor-widget-heading\" data-id=\"2d0ba78\" data-element_type=\"widget\" data-widget_type=\"heading.default\">\n\t\t\t\t<div class=\"elementor-widget-container\">\n\t\t\t<h2 class=\"elementor-heading-title elementor-size-default\">Exposition G\u00e9n\u00e9ration ZZ dans le quartier - Maison \u00e9co citoyenne<\/h2>\t\t<\/div>\n\t\t\t\t<\/div>\n\t\t\t\t<div class=\"elementor-element elementor-element-000912f elementor-widget elementor-widget-text-editor\" data-id=\"000912f\" data-element_type=\"widget\" data-widget_type=\"text-editor.default\">\n\t\t\t\t<div class=\"elementor-widget-container\">\n\t\t\t\t\t<div class=\"elementor-text-editor elementor-clearfix\"><p><a href=\"https:\/\/maisoneco.bordeaux-metropole.fr\/\" target=\"_blank\" rel=\"noopener\"><img loading=\"lazy\" class=\"alignleft wp-image-294 size-medium\" src=\"http:\/\/monquartierzz.org\/wp-content\/uploads\/2020\/01\/LOGO-MEC-300x142.png\" alt=\"\" width=\"300\" height=\"142\" srcset=\"https:\/\/monquartierzz.org\/wp-content\/uploads\/2020\/01\/LOGO-MEC-300x142.png 300w, https:\/\/monquartierzz.org\/wp-content\/uploads\/2020\/01\/LOGO-MEC.png 700w\" sizes=\"(max-width: 300px) 100vw, 300px\" \/><\/a>\u00a0<\/p><p><span style=\"font-size: 17.3333px;\">Pr\u00e9sentation de l\u2019exposition G\u00e9n\u00e9ration ZZ dans une version itin\u00e9rante all\u00e9g\u00e9e dans un espace du quartier (biblioth\u00e8que, maison du projet, etc.).<\/span><\/p><\/div>\n\t\t\t\t<\/div>\n\t\t\t\t<\/div>\n\t\t\t\t<div class=\"elementor-element elementor-element-5b6a239 elementor-widget elementor-widget-menu-anchor\" data-id=\"5b6a239\" data-element_type=\"widget\" data-widget_type=\"menu-anchor.default\">\n\t\t\t\t<div class=\"elementor-widget-container\">\n\t\t\t\t\t<div id=\"deambulations\" class=\"elementor-menu-anchor\"><\/div>\n\t\t\t\t<\/div>\n\t\t\t\t<\/div>\n\t\t\t\t<div class=\"elementor-element elementor-element-c088d1d elementor-widget elementor-widget-heading\" data-id=\"c088d1d\" data-element_type=\"widget\" data-widget_type=\"heading.default\">\n\t\t\t\t<div class=\"elementor-widget-container\">\n\t\t\t<h2 class=\"elementor-heading-title elementor-size-default\">D\u00e9ambulations en pied d\u2019immeubles - e-graine<\/h2>\t\t<\/div>\n\t\t\t\t<\/div>\n\t\t\t\t<div class=\"elementor-element elementor-element-0338338 elementor-widget elementor-widget-text-editor\" data-id=\"0338338\" data-element_type=\"widget\" data-widget_type=\"text-editor.default\">\n\t\t\t\t<div class=\"elementor-widget-container\">\n\t\t\t\t\t<div class=\"elementor-text-editor elementor-clearfix\"><p><a href=\"https:\/\/www.e-graine.org\/les-associations-regionales\/nouvelle-aquitaine\/\" target=\"_blank\" rel=\"noopener\"><img loading=\"lazy\" class=\"alignright wp-image-277\" src=\"http:\/\/monquartierzz.org\/wp-content\/uploads\/2020\/01\/E-Graine.jpg\" alt=\"\" width=\"183\" height=\"183\" srcset=\"https:\/\/monquartierzz.org\/wp-content\/uploads\/2020\/01\/E-Graine.jpg 300w, https:\/\/monquartierzz.org\/wp-content\/uploads\/2020\/01\/E-Graine-150x150.jpg 150w\" sizes=\"(max-width: 183px) 100vw, 183px\" \/><\/a>\u00a0<\/p><p><span style=\"font-size: 17.3333px;\">Animations en d\u00e9ambulation \u00e0 la rencontre des habitant\u00b7es pour sensibiliser et informer au z\u00e9ro d\u00e9chet.<\/span><\/p><\/div>\n\t\t\t\t<\/div>\n\t\t\t\t<\/div>\n\t\t\t\t\t\t<\/div>\n\t\t\t\t\t<\/div>\n\t\t<\/div>\n\t\t\t\t\t\t\t\t<\/div>\n\t\t\t\t\t<\/div>\n\t\t<\/section>\n\t\t\t\t<section class=\"elementor-section elementor-top-section elementor-element elementor-element-2a10902 elementor-section-boxed elementor-section-height-default elementor-section-height-default\" data-id=\"2a10902\" data-element_type=\"section\">\n\t\t\t\t\t\t<div class=\"elementor-container elementor-column-gap-default\">\n\t\t\t\t\t\t\t<div class=\"elementor-row\">\n\t\t\t\t\t<div class=\"elementor-column elementor-col-100 elementor-top-column elementor-element elementor-element-640faf9\" data-id=\"640faf9\" data-element_type=\"column\">\n\t\t\t<div class=\"elementor-column-wrap elementor-element-populated\">\n\t\t\t\t\t\t\t<div class=\"elementor-widget-wrap\">\n\t\t\t\t\t\t<div class=\"elementor-element elementor-element-cdbc822 elementor-widget elementor-widget-menu-anchor\" data-id=\"cdbc822\" data-element_type=\"widget\" data-widget_type=\"menu-anchor.default\">\n\t\t\t\t<div class=\"elementor-widget-container\">\n\t\t\t\t\t<div id=\"sensibilisation\" class=\"elementor-menu-anchor\"><\/div>\n\t\t\t\t<\/div>\n\t\t\t\t<\/div>\n\t\t\t\t<div class=\"elementor-element elementor-element-7ff2006 elementor-widget elementor-widget-heading\" data-id=\"7ff2006\" data-element_type=\"widget\" data-widget_type=\"heading.default\">\n\t\t\t\t<div class=\"elementor-widget-container\">\n\t\t\t<h2 class=\"elementor-heading-title elementor-size-default\">Animation d'ateliers de sensibilisation aux modes de consommation responsables - Maxime Bonamie<\/h2>\t\t<\/div>\n\t\t\t\t<\/div>\n\t\t\t\t\t\t<\/div>\n\t\t\t\t\t<\/div>\n\t\t<\/div>\n\t\t\t\t\t\t\t\t<\/div>\n\t\t\t\t\t<\/div>\n\t\t<\/section>\n\t\t\t\t<section class=\"elementor-section elementor-top-section elementor-element elementor-element-3fc57c4 elementor-section-boxed elementor-section-height-default elementor-section-height-default\" data-id=\"3fc57c4\" data-element_type=\"section\">\n\t\t\t\t\t\t<div class=\"elementor-container elementor-column-gap-default\">\n\t\t\t\t\t\t\t<div class=\"elementor-row\">\n\t\t\t\t\t<div class=\"elementor-column elementor-col-100 elementor-top-column elementor-element elementor-element-2dc8fad\" data-id=\"2dc8fad\" data-element_type=\"column\">\n\t\t\t<div class=\"elementor-column-wrap elementor-element-populated\">\n\t\t\t\t\t\t\t<div class=\"elementor-widget-wrap\">\n\t\t\t\t\t\t<div class=\"elementor-element elementor-element-ee754ff elementor-widget elementor-widget-text-editor\" data-id=\"ee754ff\" data-element_type=\"widget\" data-widget_type=\"text-editor.default\">\n\t\t\t\t<div class=\"elementor-widget-container\">\n\t\t\t\t\t<div class=\"elementor-text-editor elementor-clearfix\"><p>Ateliers de r\u00e9flexion sur les modes de consommation afin d&#8217;identifier des points \u00e0 am\u00e9liorer et pr\u00e9sentation des alternatives possibles \u00e0 mettre en place : il s&#8217;agit de montrer qu&#8217;il est possible, gr\u00e2ce \u00e0 de petits gestes du quotidien, de r\u00e9duire sa production de d\u00e9chets et de pr\u00e9server la plan\u00e8te et par cons\u00e9quent sa sant\u00e9.<\/p><\/div>\n\t\t\t\t<\/div>\n\t\t\t\t<\/div>\n\t\t\t\t\t\t<\/div>\n\t\t\t\t\t<\/div>\n\t\t<\/div>\n\t\t\t\t\t\t\t\t<\/div>\n\t\t\t\t\t<\/div>\n\t\t<\/section>\n\t\t\t\t<section class=\"elementor-section elementor-top-section elementor-element elementor-element-dfa1063 elementor-section-boxed elementor-section-height-default elementor-section-height-default\" data-id=\"dfa1063\" data-element_type=\"section\">\n\t\t\t\t\t\t<div class=\"elementor-container elementor-column-gap-default\">\n\t\t\t\t\t\t\t<div class=\"elementor-row\">\n\t\t\t\t\t<div class=\"elementor-column elementor-col-100 elementor-top-column elementor-element elementor-element-6f5d5f6\" data-id=\"6f5d5f6\" data-element_type=\"column\">\n\t\t\t<div class=\"elementor-column-wrap elementor-element-populated\">\n\t\t\t\t\t\t\t<div class=\"elementor-widget-wrap\">\n\t\t\t\t\t\t<div class=\"elementor-element elementor-element-bf41057 elementor-widget elementor-widget-menu-anchor\" data-id=\"bf41057\" data-element_type=\"widget\" data-widget_type=\"menu-anchor.default\">\n\t\t\t\t<div class=\"elementor-widget-container\">\n\t\t\t\t\t<div id=\"compostage-partage\" class=\"elementor-menu-anchor\"><\/div>\n\t\t\t\t<\/div>\n\t\t\t\t<\/div>\n\t\t\t\t<div class=\"elementor-element elementor-element-1b88a55 elementor-widget elementor-widget-heading\" data-id=\"1b88a55\" data-element_type=\"widget\" data-widget_type=\"heading.default\">\n\t\t\t\t<div class=\"elementor-widget-container\">\n\t\t\t<h2 class=\"elementor-heading-title elementor-size-default\">Compostage participatif de quartier - Au Ras du sol<\/h2>\t\t<\/div>\n\t\t\t\t<\/div>\n\t\t\t\t\t\t<\/div>\n\t\t\t\t\t<\/div>\n\t\t<\/div>\n\t\t\t\t\t\t\t\t<\/div>\n\t\t\t\t\t<\/div>\n\t\t<\/section>\n\t\t\t\t<section class=\"elementor-section elementor-top-section elementor-element elementor-element-c4e6236 elementor-section-boxed elementor-section-height-default elementor-section-height-default\" data-id=\"c4e6236\" data-element_type=\"section\">\n\t\t\t\t\t\t<div class=\"elementor-container elementor-column-gap-default\">\n\t\t\t\t\t\t\t<div class=\"elementor-row\">\n\t\t\t\t\t<div class=\"elementor-column elementor-col-100 elementor-top-column elementor-element elementor-element-81ba06b\" data-id=\"81ba06b\" data-element_type=\"column\">\n\t\t\t<div class=\"elementor-column-wrap elementor-element-populated\">\n\t\t\t\t\t\t\t<div class=\"elementor-widget-wrap\">\n\t\t\t\t\t\t<div class=\"elementor-element elementor-element-eb065f5 elementor-widget elementor-widget-text-editor\" data-id=\"eb065f5\" data-element_type=\"widget\" data-widget_type=\"text-editor.default\">\n\t\t\t\t<div class=\"elementor-widget-container\">\n\t\t\t\t\t<div class=\"elementor-text-editor elementor-clearfix\"><p><a href=\"https:\/\/www.aurasdusol.org\/\" target=\"_blank\" rel=\"noopener\"><img loading=\"lazy\" class=\"alignleft wp-image-275\" src=\"http:\/\/monquartierzz.org\/wp-content\/uploads\/2020\/01\/au-ras-du-sol-300x181.png\" alt=\"\" width=\"224\" height=\"135\" srcset=\"https:\/\/monquartierzz.org\/wp-content\/uploads\/2020\/01\/au-ras-du-sol-300x181.png 300w, https:\/\/monquartierzz.org\/wp-content\/uploads\/2020\/01\/au-ras-du-sol.png 340w\" sizes=\"(max-width: 224px) 100vw, 224px\" \/><\/a>\u00a0<span style=\"font-size: 17.3333px;\">Inventer avec les habitant\u00b7es un espace p\u00e9renne de compostage p\u00e9dagogique, convivial et participatif sur le quartier Bastide-Benauge. Ce projet de territoire implique des structures locales qui souhaitent s&#8217;adapter et favoriser l&#8217;appropriation par les habitants du quartier.<\/span><\/p><\/div>\n\t\t\t\t<\/div>\n\t\t\t\t<\/div>\n\t\t\t\t\t\t<\/div>\n\t\t\t\t\t<\/div>\n\t\t<\/div>\n\t\t\t\t\t\t\t\t<\/div>\n\t\t\t\t\t<\/div>\n\t\t<\/section>\n\t\t\t\t<section class=\"elementor-section elementor-top-section elementor-element elementor-element-e1ebf11 elementor-section-boxed elementor-section-height-default elementor-section-height-default\" data-id=\"e1ebf11\" data-element_type=\"section\">\n\t\t\t\t\t\t<div class=\"elementor-container elementor-column-gap-default\">\n\t\t\t\t\t\t\t<div class=\"elementor-row\">\n\t\t\t\t\t<div class=\"elementor-column elementor-col-100 elementor-top-column elementor-element elementor-element-c16a919\" data-id=\"c16a919\" data-element_type=\"column\">\n\t\t\t<div class=\"elementor-column-wrap elementor-element-populated\">\n\t\t\t\t\t\t\t<div class=\"elementor-widget-wrap\">\n\t\t\t\t\t\t<div class=\"elementor-element elementor-element-dfeccdb elementor-widget elementor-widget-menu-anchor\" data-id=\"dfeccdb\" data-element_type=\"widget\" data-widget_type=\"menu-anchor.default\">\n\t\t\t\t<div class=\"elementor-widget-container\">\n\t\t\t\t\t<div id=\"ateliers-couture\" class=\"elementor-menu-anchor\"><\/div>\n\t\t\t\t<\/div>\n\t\t\t\t<\/div>\n\t\t\t\t<div class=\"elementor-element elementor-element-e95db99 elementor-widget elementor-widget-heading\" data-id=\"e95db99\" data-element_type=\"widget\" data-widget_type=\"heading.default\">\n\t\t\t\t<div class=\"elementor-widget-container\">\n\t\t\t<h2 class=\"elementor-heading-title elementor-size-default\">ateliers couture - Recup\u2019r<\/h2>\t\t<\/div>\n\t\t\t\t<\/div>\n\t\t\t\t\t\t<\/div>\n\t\t\t\t\t<\/div>\n\t\t<\/div>\n\t\t\t\t\t\t\t\t<\/div>\n\t\t\t\t\t<\/div>\n\t\t<\/section>\n\t\t\t\t<section class=\"elementor-section elementor-top-section elementor-element elementor-element-f4c0f1b elementor-section-boxed elementor-section-height-default elementor-section-height-default\" data-id=\"f4c0f1b\" data-element_type=\"section\">\n\t\t\t\t\t\t<div class=\"elementor-container elementor-column-gap-default\">\n\t\t\t\t\t\t\t<div class=\"elementor-row\">\n\t\t\t\t\t<div class=\"elementor-column elementor-col-100 elementor-top-column elementor-element elementor-element-2d7faa6\" data-id=\"2d7faa6\" data-element_type=\"column\">\n\t\t\t<div class=\"elementor-column-wrap elementor-element-populated\">\n\t\t\t\t\t\t\t<div class=\"elementor-widget-wrap\">\n\t\t\t\t\t\t<div class=\"elementor-element elementor-element-f659605 elementor-widget elementor-widget-text-editor\" data-id=\"f659605\" data-element_type=\"widget\" data-widget_type=\"text-editor.default\">\n\t\t\t\t<div class=\"elementor-widget-container\">\n\t\t\t\t\t<div class=\"elementor-text-editor elementor-clearfix\"><p><a href=\"http:\/\/recupr.org\/\" target=\"_blank\" rel=\"noopener\"><img loading=\"lazy\" class=\"alignright wp-image-278 size-full\" src=\"http:\/\/monquartierzz.org\/wp-content\/uploads\/2020\/01\/R\u00e9cupR.jpg\" alt=\"\" width=\"219\" height=\"219\" srcset=\"https:\/\/monquartierzz.org\/wp-content\/uploads\/2020\/01\/R\u00e9cupR.jpg 219w, https:\/\/monquartierzz.org\/wp-content\/uploads\/2020\/01\/R\u00e9cupR-150x150.jpg 150w\" sizes=\"(max-width: 219px) 100vw, 219px\" \/><\/a>\u00a0<span style=\"font-size: 17.3333px;\">Deux animateur\u00b7rices accompagneront les habitant\u00b7es du quartier \u00e0 l\u2019auto-r\u00e9paration de textile. Des ateliers r\u00e9guliers et participatifs de couture auront lieu dans le but d&#8217;enseigner \u00e0 repriser, retoucher, customiser ses v\u00eatements et accessoires.<\/span><\/p><p>Il sera \u00e9galement possible d\u2019y cr\u00e9er des objets de d\u00e9coration et cadeaux pour No\u00ebl, des costumes pour le carnaval, etc.<\/p><\/div>\n\t\t\t\t<\/div>\n\t\t\t\t<\/div>\n\t\t\t\t<div class=\"elementor-element elementor-element-e17c807 elementor-widget elementor-widget-menu-anchor\" data-id=\"e17c807\" data-element_type=\"widget\" data-widget_type=\"menu-anchor.default\">\n\t\t\t\t<div class=\"elementor-widget-container\">\n\t\t\t\t\t<div id=\"ateliers-culinaires\" class=\"elementor-menu-anchor\"><\/div>\n\t\t\t\t<\/div>\n\t\t\t\t<\/div>\n\t\t\t\t<div class=\"elementor-element elementor-element-fab1d44 elementor-widget elementor-widget-heading\" data-id=\"fab1d44\" data-element_type=\"widget\" data-widget_type=\"heading.default\">\n\t\t\t\t<div class=\"elementor-widget-container\">\n\t\t\t<h2 class=\"elementor-heading-title elementor-size-default\">ateliers culinaires et porte \u00e0 porte - \u00c9changes Nord Sud<\/h2>\t\t<\/div>\n\t\t\t\t<\/div>\n\t\t\t\t<div class=\"elementor-element elementor-element-e15379d elementor-widget elementor-widget-text-editor\" data-id=\"e15379d\" data-element_type=\"widget\" data-widget_type=\"text-editor.default\">\n\t\t\t\t<div class=\"elementor-widget-container\">\n\t\t\t\t\t<div class=\"elementor-text-editor elementor-clearfix\"><p><a href=\"https:\/\/www.echangenordsud.org\/\" target=\"_blank\" rel=\"noopener\"><img loading=\"lazy\" class=\"alignleft wp-image-296\" src=\"http:\/\/monquartierzz.org\/wp-content\/uploads\/2020\/01\/\u00c9change-Nord-Sud-211x300.png\" alt=\"\" width=\"181\" height=\"257\" srcset=\"https:\/\/monquartierzz.org\/wp-content\/uploads\/2020\/01\/\u00c9change-Nord-Sud-211x300.png 211w, https:\/\/monquartierzz.org\/wp-content\/uploads\/2020\/01\/\u00c9change-Nord-Sud.png 267w\" sizes=\"(max-width: 181px) 100vw, 181px\" \/><\/a>\u00a0<span style=\"font-size: 17.3333px;\">Plusieurs activit\u00e9s seront propos\u00e9es :<\/span><\/p><ul><li>des ateliers culinaires anti-gaspi<\/li><li>des ateliers de valorisation artistique des m\u00e9taux<\/li><li>un cin\u00e9-d\u00e9bat sur les enjeux alimentaires<\/li><li>la promotion du syst\u00e8me de consign<\/li><li>accompagner les habitant\u00b7es et structures du territoire dans une d\u00e9marche de r\u00e9duction des d\u00e9chets<\/li><\/ul><\/div>\n\t\t\t\t<\/div>\n\t\t\t\t<\/div>\n\t\t\t\t\t\t<\/div>\n\t\t\t\t\t<\/div>\n\t\t<\/div>\n\t\t\t\t\t\t\t\t<\/div>\n\t\t\t\t\t<\/div>\n\t\t<\/section>\n\t\t\t\t<section class=\"elementor-section elementor-top-section elementor-element elementor-element-1d0353c elementor-section-boxed elementor-section-height-default elementor-section-height-default\" data-id=\"1d0353c\" data-element_type=\"section\">\n\t\t\t\t\t\t<div class=\"elementor-container elementor-column-gap-default\">\n\t\t\t\t\t\t\t<div class=\"elementor-row\">\n\t\t\t\t\t<div class=\"elementor-column elementor-col-100 elementor-top-column elementor-element elementor-element-fd69408\" data-id=\"fd69408\" data-element_type=\"column\">\n\t\t\t<div class=\"elementor-column-wrap elementor-element-populated\">\n\t\t\t\t\t\t\t<div class=\"elementor-widget-wrap\">\n\t\t\t\t\t\t<div class=\"elementor-element elementor-element-e31e5d5 elementor-widget elementor-widget-menu-anchor\" data-id=\"e31e5d5\" data-element_type=\"widget\" data-widget_type=\"menu-anchor.default\">\n\t\t\t\t<div class=\"elementor-widget-container\">\n\t\t\t\t\t<div id=\"ateliers-cuisine\" class=\"elementor-menu-anchor\"><\/div>\n\t\t\t\t<\/div>\n\t\t\t\t<\/div>\n\t\t\t\t<div class=\"elementor-element elementor-element-d752246 elementor-widget elementor-widget-heading\" data-id=\"d752246\" data-element_type=\"widget\" data-widget_type=\"heading.default\">\n\t\t\t\t<div class=\"elementor-widget-container\">\n\t\t\t<h2 class=\"elementor-heading-title elementor-size-default\">Ateliers de cuisine 0 gaspi avec les habitant\u00b7es - L\u2019assiette en transition<\/h2>\t\t<\/div>\n\t\t\t\t<\/div>\n\t\t\t\t<div class=\"elementor-element elementor-element-487118c elementor-widget elementor-widget-text-editor\" data-id=\"487118c\" data-element_type=\"widget\" data-widget_type=\"text-editor.default\">\n\t\t\t\t<div class=\"elementor-widget-container\">\n\t\t\t\t\t<div class=\"elementor-text-editor elementor-clearfix\"><p><a href=\"http:\/\/www.bordeaux-transition.org\/a-bordeaux\/cuisine-en-transition\" target=\"_blank\" rel=\"noopener\"><img loading=\"lazy\" class=\"alignright wp-image-274\" src=\"http:\/\/monquartierzz.org\/wp-content\/uploads\/2020\/01\/AET-300x300.png\" alt=\"\" width=\"219\" height=\"219\" srcset=\"https:\/\/monquartierzz.org\/wp-content\/uploads\/2020\/01\/AET-300x300.png 300w, https:\/\/monquartierzz.org\/wp-content\/uploads\/2020\/01\/AET-150x150.png 150w, https:\/\/monquartierzz.org\/wp-content\/uploads\/2020\/01\/AET-768x768.png 768w, https:\/\/monquartierzz.org\/wp-content\/uploads\/2020\/01\/AET.png 960w\" sizes=\"(max-width: 219px) 100vw, 219px\" \/><\/a>\u00a0<\/p><p>Mise en place d\u2019atelier de cuisine 0 gaspillage avec et chez les habitant\u00b7es du quartier pour sensibiliser sur la r\u00e9duction de d\u00e9chets alimentaires et cuisiner l&#8217;int\u00e9gralit\u00e9 des fruits et l\u00e9gumes de saison.<\/p><\/div>\n\t\t\t\t<\/div>\n\t\t\t\t<\/div>\n\t\t\t\t\t\t<\/div>\n\t\t\t\t\t<\/div>\n\t\t<\/div>\n\t\t\t\t\t\t\t\t<\/div>\n\t\t\t\t\t<\/div>\n\t\t<\/section>\n\t\t\t\t\t\t<\/div>\n\t\t\t\t\t\t<\/div>\n\t\t\t\t\t<\/div>\n\t\t","protected":false},"excerpt":{"rendered":"<p>Voici les actions r\u00e9alis\u00e9es dans le quartier sur la th\u00e9matique \u201cateliers interactifs&#8221; : Partage d\u2019exp\u00e9rience d\u00e9fi 0 d\u00e9chet M\u00e9rignac Arlac &#8211; Les Z\u2019h\u00e9ros du d\u00e9chet Speed dating z\u00e9ro d\u00e9chet &#8211; [&hellip;]<\/p>\n","protected":false},"author":1,"featured_media":0,"parent":0,"menu_order":0,"comment_status":"closed","ping_status":"closed","template":"","meta":[],"_links":{"self":[{"href":"https:\/\/monquartierzz.org\/index.php\/wp-json\/wp\/v2\/pages\/128"}],"collection":[{"href":"https:\/\/monquartierzz.org\/index.php\/wp-json\/wp\/v2\/pages"}],"about":[{"href":"https:\/\/monquartierzz.org\/index.php\/wp-json\/wp\/v2\/types\/page"}],"author":[{"embeddable":true,"href":"https:\/\/monquartierzz.org\/index.php\/wp-json\/wp\/v2\/users\/1"}],"replies":[{"embeddable":true,"href":"https:\/\/monquartierzz.org\/index.php\/wp-json\/wp\/v2\/comments?post=128"}],"version-history":[{"count":7,"href":"https:\/\/monquartierzz.org\/index.php\/wp-json\/wp\/v2\/pages\/128\/revisions"}],"predecessor-version":[{"id":544,"href":"https:\/\/monquartierzz.org\/index.php\/wp-json\/wp\/v2\/pages\/128\/revisions\/544"}],"wp:attachment":[{"href":"https:\/\/monquartierzz.org\/index.php\/wp-json\/wp\/v2\/media?parent=128"}],"curies":[{"name":"wp","href":"https:\/\/api.w.org\/{rel}","templated":true}]}}