{"id":126,"date":"2020-01-27T14:28:25","date_gmt":"2020-01-27T13:28:25","guid":{"rendered":"http:\/\/monquartierzz.org\/?page_id=126"},"modified":"2020-02-13T15:17:43","modified_gmt":"2020-02-13T14:17:43","slug":"compostage","status":"publish","type":"page","link":"https:\/\/monquartierzz.org\/index.php\/compostage\/","title":{"rendered":"Compostage"},"content":{"rendered":"\t\t<div data-elementor-type=\"wp-page\" data-elementor-id=\"126\" class=\"elementor elementor-126\" data-elementor-settings=\"[]\">\n\t\t\t\t\t\t<div class=\"elementor-inner\">\n\t\t\t\t\t\t\t<div class=\"elementor-section-wrap\">\n\t\t\t\t\t\t\t<section class=\"elementor-section elementor-top-section elementor-element elementor-element-6f0f09c elementor-section-boxed elementor-section-height-default elementor-section-height-default\" data-id=\"6f0f09c\" data-element_type=\"section\">\n\t\t\t\t\t\t<div class=\"elementor-container elementor-column-gap-default\">\n\t\t\t\t\t\t\t<div class=\"elementor-row\">\n\t\t\t\t\t<div class=\"elementor-column elementor-col-100 elementor-top-column elementor-element elementor-element-f0e122b\" data-id=\"f0e122b\" data-element_type=\"column\">\n\t\t\t<div class=\"elementor-column-wrap elementor-element-populated\">\n\t\t\t\t\t\t\t<div class=\"elementor-widget-wrap\">\n\t\t\t\t\t\t<div class=\"elementor-element elementor-element-9c1628f elementor-widget elementor-widget-text-editor\" data-id=\"9c1628f\" data-element_type=\"widget\" data-widget_type=\"text-editor.default\">\n\t\t\t\t<div class=\"elementor-widget-container\">\n\t\t\t\t\t<div class=\"elementor-text-editor elementor-clearfix\"><p>Voici les actions r\u00e9alis\u00e9es dans le quartier sur la th\u00e9matique \u201ccompostage&#8221; :<\/p><p><a href=\"http:\/\/monquartierzz.org\/index.php\/compostage\/#ramassage-biodechets\">Ramassage et revalorisation des bio-d\u00e9chets chez les particuliers &#8211; Recup\u2019<\/a><\/p><p><a href=\"http:\/\/monquartierzz.org\/index.php\/compostage\/#compostage-partage\">Compostage participatif de quartier &#8211; Au Ras du Sol<\/a><\/p><\/div>\n\t\t\t\t<\/div>\n\t\t\t\t<\/div>\n\t\t\t\t<div class=\"elementor-element elementor-element-68a04a8 elementor-widget elementor-widget-menu-anchor\" data-id=\"68a04a8\" data-element_type=\"widget\" data-widget_type=\"menu-anchor.default\">\n\t\t\t\t<div class=\"elementor-widget-container\">\n\t\t\t\t\t<div id=\"ramassage-biodechets\" class=\"elementor-menu-anchor\"><\/div>\n\t\t\t\t<\/div>\n\t\t\t\t<\/div>\n\t\t\t\t<div class=\"elementor-element elementor-element-796075c elementor-widget elementor-widget-heading\" data-id=\"796075c\" data-element_type=\"widget\" data-widget_type=\"heading.default\">\n\t\t\t\t<div class=\"elementor-widget-container\">\n\t\t\t<h2 class=\"elementor-heading-title elementor-size-default\">Ramassage et revalorisation des bio-d\u00e9chets chez les particuliers - Recup\u2019<\/h2>\t\t<\/div>\n\t\t\t\t<\/div>\n\t\t\t\t\t\t<\/div>\n\t\t\t\t\t<\/div>\n\t\t<\/div>\n\t\t\t\t\t\t\t\t<\/div>\n\t\t\t\t\t<\/div>\n\t\t<\/section>\n\t\t\t\t<section class=\"elementor-section elementor-top-section elementor-element elementor-element-8f67a20 elementor-section-boxed elementor-section-height-default elementor-section-height-default\" data-id=\"8f67a20\" data-element_type=\"section\">\n\t\t\t\t\t\t<div class=\"elementor-container elementor-column-gap-default\">\n\t\t\t\t\t\t\t<div class=\"elementor-row\">\n\t\t\t\t\t<div class=\"elementor-column elementor-col-100 elementor-top-column elementor-element elementor-element-d691404\" data-id=\"d691404\" data-element_type=\"column\">\n\t\t\t<div class=\"elementor-column-wrap elementor-element-populated\">\n\t\t\t\t\t\t\t<div class=\"elementor-widget-wrap\">\n\t\t\t\t\t\t<div class=\"elementor-element elementor-element-dab75b0 elementor-widget elementor-widget-text-editor\" data-id=\"dab75b0\" data-element_type=\"widget\" data-widget_type=\"text-editor.default\">\n\t\t\t\t<div class=\"elementor-widget-container\">\n\t\t\t\t\t<div class=\"elementor-text-editor elementor-clearfix\"><p><a href=\"https:\/\/www.recup-compostage-urbain.fr\/\" target=\"_blank\" rel=\"noopener\"><img loading=\"lazy\" class=\"alignleft wp-image-288\" src=\"http:\/\/monquartierzz.org\/wp-content\/uploads\/2020\/01\/R\u00e9cup-logo-300x293.png\" alt=\"\" width=\"189\" height=\"185\" srcset=\"https:\/\/monquartierzz.org\/wp-content\/uploads\/2020\/01\/R\u00e9cup-logo-300x293.png 300w, https:\/\/monquartierzz.org\/wp-content\/uploads\/2020\/01\/R\u00e9cup-logo-768x750.png 768w, https:\/\/monquartierzz.org\/wp-content\/uploads\/2020\/01\/R\u00e9cup-logo-1024x1000.png 1024w, https:\/\/monquartierzz.org\/wp-content\/uploads\/2020\/01\/R\u00e9cup-logo.png 1350w\" sizes=\"(max-width: 189px) 100vw, 189px\" \/><\/a>\u00a0<span style=\"font-size: 17.3333px;\">Recup\u2019 met \u00e0 disposition des m\u00e9nages int\u00e9ress\u00e9s un seau Bokashi, fonctionnant gr\u00e2ce \u00e0 l\u2019utilisation de Micro-Organismes Efficients (EM). En \u00e9change d&#8217;une adh\u00e9sion \u00e0 leur association, les membres de cette association viennent r\u00e9cup\u00e9rer le contenu des seauxquand il est plein, le tout en v\u00e9los triporteur et biporteur \u00e9lectriques<\/span><\/p><\/div>\n\t\t\t\t<\/div>\n\t\t\t\t<\/div>\n\t\t\t\t\t\t<\/div>\n\t\t\t\t\t<\/div>\n\t\t<\/div>\n\t\t\t\t\t\t\t\t<\/div>\n\t\t\t\t\t<\/div>\n\t\t<\/section>\n\t\t\t\t<section class=\"elementor-section elementor-top-section elementor-element elementor-element-de5397a elementor-section-boxed elementor-section-height-default elementor-section-height-default\" data-id=\"de5397a\" data-element_type=\"section\">\n\t\t\t\t\t\t<div class=\"elementor-container elementor-column-gap-default\">\n\t\t\t\t\t\t\t<div class=\"elementor-row\">\n\t\t\t\t\t<div class=\"elementor-column elementor-col-100 elementor-top-column elementor-element elementor-element-5f319ab\" data-id=\"5f319ab\" data-element_type=\"column\">\n\t\t\t<div class=\"elementor-column-wrap elementor-element-populated\">\n\t\t\t\t\t\t\t<div class=\"elementor-widget-wrap\">\n\t\t\t\t\t\t<div class=\"elementor-element elementor-element-51edddf elementor-widget elementor-widget-menu-anchor\" data-id=\"51edddf\" data-element_type=\"widget\" data-widget_type=\"menu-anchor.default\">\n\t\t\t\t<div class=\"elementor-widget-container\">\n\t\t\t\t\t<div id=\"compostage-partage\" class=\"elementor-menu-anchor\"><\/div>\n\t\t\t\t<\/div>\n\t\t\t\t<\/div>\n\t\t\t\t<div class=\"elementor-element elementor-element-0ec68d1 elementor-widget elementor-widget-heading\" data-id=\"0ec68d1\" data-element_type=\"widget\" data-widget_type=\"heading.default\">\n\t\t\t\t<div class=\"elementor-widget-container\">\n\t\t\t<h2 class=\"elementor-heading-title elementor-size-default\">Compostage participatif de quartier - Au Ras du sol<\/h2>\t\t<\/div>\n\t\t\t\t<\/div>\n\t\t\t\t\t\t<\/div>\n\t\t\t\t\t<\/div>\n\t\t<\/div>\n\t\t\t\t\t\t\t\t<\/div>\n\t\t\t\t\t<\/div>\n\t\t<\/section>\n\t\t\t\t<section class=\"elementor-section elementor-top-section elementor-element elementor-element-4ca8ae3 elementor-section-boxed elementor-section-height-default elementor-section-height-default\" data-id=\"4ca8ae3\" data-element_type=\"section\">\n\t\t\t\t\t\t<div class=\"elementor-container elementor-column-gap-default\">\n\t\t\t\t\t\t\t<div class=\"elementor-row\">\n\t\t\t\t\t<div class=\"elementor-column elementor-col-100 elementor-top-column elementor-element elementor-element-7ad2467\" data-id=\"7ad2467\" data-element_type=\"column\">\n\t\t\t<div class=\"elementor-column-wrap elementor-element-populated\">\n\t\t\t\t\t\t\t<div class=\"elementor-widget-wrap\">\n\t\t\t\t\t\t<div class=\"elementor-element elementor-element-695274b elementor-widget elementor-widget-text-editor\" data-id=\"695274b\" data-element_type=\"widget\" data-widget_type=\"text-editor.default\">\n\t\t\t\t<div class=\"elementor-widget-container\">\n\t\t\t\t\t<div class=\"elementor-text-editor elementor-clearfix\"><p><a href=\"https:\/\/www.aurasdusol.org\/\" target=\"_blank\" rel=\"noopener\"><img loading=\"lazy\" class=\"wp-image-275 alignright\" src=\"http:\/\/monquartierzz.org\/wp-content\/uploads\/2020\/01\/au-ras-du-sol-300x181.png\" alt=\"\" width=\"224\" height=\"135\" srcset=\"https:\/\/monquartierzz.org\/wp-content\/uploads\/2020\/01\/au-ras-du-sol-300x181.png 300w, https:\/\/monquartierzz.org\/wp-content\/uploads\/2020\/01\/au-ras-du-sol.png 340w\" sizes=\"(max-width: 224px) 100vw, 224px\" \/><\/a>\u00a0<span style=\"font-size: 17.3333px;\">Inventer avec les habitant\u00b7es un espace p\u00e9renne de compostage p\u00e9dagogique, convivial et participatif sur le quartier Bastide-Benauge. Ce projet de territoire implique des structures locales qui souhaitent s&#8217;adapter et favoriser l&#8217;appropriation par les habitants du quartier.<\/span><\/p><\/div>\n\t\t\t\t<\/div>\n\t\t\t\t<\/div>\n\t\t\t\t\t\t<\/div>\n\t\t\t\t\t<\/div>\n\t\t<\/div>\n\t\t\t\t\t\t\t\t<\/div>\n\t\t\t\t\t<\/div>\n\t\t<\/section>\n\t\t\t\t\t\t<\/div>\n\t\t\t\t\t\t<\/div>\n\t\t\t\t\t<\/div>\n\t\t","protected":false},"excerpt":{"rendered":"<p>Voici les actions r\u00e9alis\u00e9es dans le quartier sur la th\u00e9matique \u201ccompostage&#8221; : Ramassage et revalorisation des bio-d\u00e9chets chez les particuliers &#8211; Recup\u2019 Compostage participatif de quartier &#8211; Au Ras du [&hellip;]<\/p>\n","protected":false},"author":1,"featured_media":0,"parent":0,"menu_order":0,"comment_status":"closed","ping_status":"closed","template":"","meta":[],"_links":{"self":[{"href":"https:\/\/monquartierzz.org\/index.php\/wp-json\/wp\/v2\/pages\/126"}],"collection":[{"href":"https:\/\/monquartierzz.org\/index.php\/wp-json\/wp\/v2\/pages"}],"about":[{"href":"https:\/\/monquartierzz.org\/index.php\/wp-json\/wp\/v2\/types\/page"}],"author":[{"embeddable":true,"href":"https:\/\/monquartierzz.org\/index.php\/wp-json\/wp\/v2\/users\/1"}],"replies":[{"embeddable":true,"href":"https:\/\/monquartierzz.org\/index.php\/wp-json\/wp\/v2\/comments?post=126"}],"version-history":[{"count":6,"href":"https:\/\/monquartierzz.org\/index.php\/wp-json\/wp\/v2\/pages\/126\/revisions"}],"predecessor-version":[{"id":538,"href":"https:\/\/monquartierzz.org\/index.php\/wp-json\/wp\/v2\/pages\/126\/revisions\/538"}],"wp:attachment":[{"href":"https:\/\/monquartierzz.org\/index.php\/wp-json\/wp\/v2\/media?parent=126"}],"curies":[{"name":"wp","href":"https:\/\/api.w.org\/{rel}","templated":true}]}}