{"id":113,"date":"2020-01-27T14:25:16","date_gmt":"2020-01-27T13:25:16","guid":{"rendered":"http:\/\/monquartierzz.org\/?page_id=113"},"modified":"2020-08-11T13:48:10","modified_gmt":"2020-08-11T11:48:10","slug":"les-actions","status":"publish","type":"page","link":"https:\/\/monquartierzz.org\/index.php\/les-actions\/","title":{"rendered":"Nos actions"},"content":{"rendered":"\t\t<div data-elementor-type=\"wp-page\" data-elementor-id=\"113\" class=\"elementor elementor-113\" data-elementor-settings=\"[]\">\n\t\t\t\t\t\t<div class=\"elementor-inner\">\n\t\t\t\t\t\t\t<div class=\"elementor-section-wrap\">\n\t\t\t\t\t\t\t<section class=\"elementor-section elementor-top-section elementor-element elementor-element-33593ff elementor-section-boxed elementor-section-height-default elementor-section-height-default\" data-id=\"33593ff\" data-element_type=\"section\">\n\t\t\t\t\t\t<div class=\"elementor-container elementor-column-gap-default\">\n\t\t\t\t\t\t\t<div class=\"elementor-row\">\n\t\t\t\t\t<div class=\"elementor-column elementor-col-100 elementor-top-column elementor-element elementor-element-9015f83\" data-id=\"9015f83\" data-element_type=\"column\">\n\t\t\t<div class=\"elementor-column-wrap elementor-element-populated\">\n\t\t\t\t\t\t\t<div class=\"elementor-widget-wrap\">\n\t\t\t\t\t\t<div class=\"elementor-element elementor-element-cd72853 elementor-widget elementor-widget-text-editor\" data-id=\"cd72853\" data-element_type=\"widget\" data-widget_type=\"text-editor.default\">\n\t\t\t\t<div class=\"elementor-widget-container\">\n\t\t\t\t\t<div class=\"elementor-text-editor elementor-clearfix\"><p>25 actions vont \u00eatre r\u00e9alis\u00e9es dans le cadre du quartier z\u00e9ro d\u00e9chet, vous en retrouverez la liste exhaustive ci-dessous, class\u00e9e par th\u00e9matique.<\/p><p><a href=\"http:\/\/monquartierzz.org\/index.php\/alimentation\/\" target=\"_blank\" rel=\"noopener\">ALIMENTATION<\/a><\/p><p><a href=\"http:\/\/monquartierzz.org\/index.php\/vestimentaire\/\" target=\"_blank\" rel=\"noopener\">VESTIMENTAIRE<\/a><\/p><p><a href=\"http:\/\/monquartierzz.org\/index.php\/reutilisation\/\" target=\"_blank\" rel=\"noopener\">R\u00c9UTILISATION<\/a><\/p><p><a href=\"http:\/\/monquartierzz.org\/index.php\/compostage\/\" target=\"_blank\" rel=\"noopener\">COMPOSTAGE<\/a><\/p><p><a href=\"http:\/\/monquartierzz.org\/index.php\/ateliers-interactifs\/\" target=\"_blank\" rel=\"noopener\">ATELIERS INTERACTIFS<\/a><\/p><p><a href=\"http:\/\/monquartierzz.org\/index.php\/pour-les-pros-ecoles\/\" target=\"_blank\" rel=\"noopener\">POUR LES PROS\/\u00c9COLES<\/a><\/p><\/div>\n\t\t\t\t<\/div>\n\t\t\t\t<\/div>\n\t\t\t\t<div class=\"elementor-element elementor-element-f4ea5a0 elementor-widget elementor-widget-spacer\" data-id=\"f4ea5a0\" data-element_type=\"widget\" data-widget_type=\"spacer.default\">\n\t\t\t\t<div class=\"elementor-widget-container\">\n\t\t\t\t\t<div class=\"elementor-spacer\">\n\t\t\t<div class=\"elementor-spacer-inner\"><\/div>\n\t\t<\/div>\n\t\t\t\t<\/div>\n\t\t\t\t<\/div>\n\t\t\t\t<div class=\"elementor-element elementor-element-42a2409 elementor-widget elementor-widget-heading\" data-id=\"42a2409\" data-element_type=\"widget\" data-widget_type=\"heading.default\">\n\t\t\t\t<div class=\"elementor-widget-container\">\n\t\t\t<h2 class=\"elementor-heading-title elementor-size-default\">Le d\u00e9fi zero d\u00e9chet des pros - ekolo[geek]<\/h2>\t\t<\/div>\n\t\t\t\t<\/div>\n\t\t\t\t\t\t<\/div>\n\t\t\t\t\t<\/div>\n\t\t<\/div>\n\t\t\t\t\t\t\t\t<\/div>\n\t\t\t\t\t<\/div>\n\t\t<\/section>\n\t\t\t\t<section class=\"elementor-section elementor-top-section elementor-element elementor-element-9399ece elementor-section-boxed elementor-section-height-default elementor-section-height-default\" data-id=\"9399ece\" data-element_type=\"section\">\n\t\t\t\t\t\t<div class=\"elementor-container elementor-column-gap-default\">\n\t\t\t\t\t\t\t<div class=\"elementor-row\">\n\t\t\t\t\t<div class=\"elementor-column elementor-col-100 elementor-top-column elementor-element elementor-element-18aea0f\" data-id=\"18aea0f\" data-element_type=\"column\">\n\t\t\t<div class=\"elementor-column-wrap elementor-element-populated\">\n\t\t\t\t\t\t\t<div class=\"elementor-widget-wrap\">\n\t\t\t\t\t\t<div class=\"elementor-element elementor-element-08cf342 elementor-widget elementor-widget-text-editor\" data-id=\"08cf342\" data-element_type=\"widget\" data-widget_type=\"text-editor.default\">\n\t\t\t\t<div class=\"elementor-widget-container\">\n\t\t\t\t\t<div class=\"elementor-text-editor elementor-clearfix\"><p><a href=\"https:\/\/www.ekologeek.com\/page\/165915-ecogeste-eau-energie-dechets-consommer-responsable\" target=\"_blank\" rel=\"noopener\"><img loading=\"lazy\" class=\"alignright wp-image-280 size-medium\" src=\"http:\/\/monquartierzz.org\/wp-content\/uploads\/2020\/01\/Ekologeek-300x80.png\" alt=\"\" width=\"300\" height=\"80\" \/><\/a><\/p><p style=\"text-align: right;\">Au travers d\u2019un programme de 6 mois, les professionnel\u00b7les (priv\u00e9\u00b7es ou public\u00b7ques) sont accompagn\u00e9\u00b7es pour r\u00e9duire leurs d\u00e9chets de fonctionnement de 10%. Un d\u00e9fi sp\u00e9cial quartier z\u00e9ro d\u00e9chet sera organis\u00e9, pour challenger entre eux les professionnels du quartier.<\/p><\/div>\n\t\t\t\t<\/div>\n\t\t\t\t<\/div>\n\t\t\t\t\t\t<\/div>\n\t\t\t\t\t<\/div>\n\t\t<\/div>\n\t\t\t\t\t\t\t\t<\/div>\n\t\t\t\t\t<\/div>\n\t\t<\/section>\n\t\t\t\t<section class=\"elementor-section elementor-top-section elementor-element elementor-element-69af08e elementor-section-boxed elementor-section-height-default elementor-section-height-default\" data-id=\"69af08e\" data-element_type=\"section\">\n\t\t\t\t\t\t<div class=\"elementor-container elementor-column-gap-default\">\n\t\t\t\t\t\t\t<div class=\"elementor-row\">\n\t\t\t\t\t<div class=\"elementor-column elementor-col-100 elementor-top-column elementor-element elementor-element-81bf3cf\" data-id=\"81bf3cf\" data-element_type=\"column\">\n\t\t\t<div class=\"elementor-column-wrap elementor-element-populated\">\n\t\t\t\t\t\t\t<div class=\"elementor-widget-wrap\">\n\t\t\t\t\t\t<div class=\"elementor-element elementor-element-8c4d699 elementor-widget elementor-widget-heading\" data-id=\"8c4d699\" data-element_type=\"widget\" data-widget_type=\"heading.default\">\n\t\t\t\t<div class=\"elementor-widget-container\">\n\t\t\t<h2 class=\"elementor-heading-title elementor-size-default\">Stand recyclage du plastique - IUT d\u00e9partement science g\u00e9nie mat\u00e9riaux<\/h2>\t\t<\/div>\n\t\t\t\t<\/div>\n\t\t\t\t\t\t<\/div>\n\t\t\t\t\t<\/div>\n\t\t<\/div>\n\t\t\t\t\t\t\t\t<\/div>\n\t\t\t\t\t<\/div>\n\t\t<\/section>\n\t\t\t\t<section class=\"elementor-section elementor-top-section elementor-element elementor-element-83ea358 elementor-section-boxed elementor-section-height-default elementor-section-height-default\" data-id=\"83ea358\" data-element_type=\"section\">\n\t\t\t\t\t\t<div class=\"elementor-container elementor-column-gap-default\">\n\t\t\t\t\t\t\t<div class=\"elementor-row\">\n\t\t\t\t\t<div class=\"elementor-column elementor-col-100 elementor-top-column elementor-element elementor-element-3d5daf2\" data-id=\"3d5daf2\" data-element_type=\"column\">\n\t\t\t<div class=\"elementor-column-wrap elementor-element-populated\">\n\t\t\t\t\t\t\t<div class=\"elementor-widget-wrap\">\n\t\t\t\t\t\t<div class=\"elementor-element elementor-element-77e241b elementor-widget elementor-widget-text-editor\" data-id=\"77e241b\" data-element_type=\"widget\" data-widget_type=\"text-editor.default\">\n\t\t\t\t<div class=\"elementor-widget-container\">\n\t\t\t\t\t<div class=\"elementor-text-editor elementor-clearfix\"><p><a href=\"http:\/\/www.iut.u-bordeaux-montaigne.fr\/\" target=\"_blank\" rel=\"noopener\"><img loading=\"lazy\" class=\"alignleft\" src=\"http:\/\/monquartierzz.org\/wp-content\/uploads\/2020\/01\/logo-iut-michel-montaigne-300x200.png\" alt=\"\" width=\"300\" height=\"200\" \/><\/a><span style=\"font-family: Roboto, sans-serif; font-size: 17.3333px; font-style: normal; font-variant-ligatures: normal; font-variant-caps: normal; font-weight: 400;\">Le temps d\u2019un ou plusieurs \u00e9v\u00e9nement\u00b7s : un stand d\u00e9di\u00e9 sera d\u00e9di\u00e9 aux recyclages de plastiques et \u00e0 l&#8217;\u00e9co-conception dans le but d&#8217;informer le grand public de l&#8217;utilit\u00e9 d&#8217;effectuer le tri et la possibilit\u00e9 de r\u00e9utiliser la mati\u00e8re. Des \u00e9chantillons de plastiques seront pr\u00e9sent\u00e9s afin de faire de la reconnaissance et une mini presse \u00e0 injecter qui permet de fabriquer des objets \u00e0 partir de polym\u00e8res tri\u00e9s, lav\u00e9s et broy\u00e9s.<\/span><\/p><\/div>\n\t\t\t\t<\/div>\n\t\t\t\t<\/div>\n\t\t\t\t\t\t<\/div>\n\t\t\t\t\t<\/div>\n\t\t<\/div>\n\t\t\t\t\t\t\t\t<\/div>\n\t\t\t\t\t<\/div>\n\t\t<\/section>\n\t\t\t\t<section class=\"elementor-section elementor-top-section elementor-element elementor-element-eb97b8b elementor-section-boxed elementor-section-height-default elementor-section-height-default\" data-id=\"eb97b8b\" data-element_type=\"section\">\n\t\t\t\t\t\t<div class=\"elementor-container elementor-column-gap-default\">\n\t\t\t\t\t\t\t<div class=\"elementor-row\">\n\t\t\t\t\t<div class=\"elementor-column elementor-col-100 elementor-top-column elementor-element elementor-element-496a8e5\" data-id=\"496a8e5\" data-element_type=\"column\">\n\t\t\t<div class=\"elementor-column-wrap elementor-element-populated\">\n\t\t\t\t\t\t\t<div class=\"elementor-widget-wrap\">\n\t\t\t\t\t\t<div class=\"elementor-element elementor-element-3ab9da7 elementor-widget elementor-widget-heading\" data-id=\"3ab9da7\" data-element_type=\"widget\" data-widget_type=\"heading.default\">\n\t\t\t\t<div class=\"elementor-widget-container\">\n\t\t\t<h2 class=\"elementor-heading-title elementor-size-default\">Les r\u00e9par\u2019acteurs - chambre des m\u00e9tiers de la Gironde<\/h2>\t\t<\/div>\n\t\t\t\t<\/div>\n\t\t\t\t\t\t<\/div>\n\t\t\t\t\t<\/div>\n\t\t<\/div>\n\t\t\t\t\t\t\t\t<\/div>\n\t\t\t\t\t<\/div>\n\t\t<\/section>\n\t\t\t\t<section class=\"elementor-section elementor-top-section elementor-element elementor-element-bb57986 elementor-section-boxed elementor-section-height-default elementor-section-height-default\" data-id=\"bb57986\" data-element_type=\"section\">\n\t\t\t\t\t\t<div class=\"elementor-container elementor-column-gap-default\">\n\t\t\t\t\t\t\t<div class=\"elementor-row\">\n\t\t\t\t\t<div class=\"elementor-column elementor-col-100 elementor-top-column elementor-element elementor-element-b887abb\" data-id=\"b887abb\" data-element_type=\"column\">\n\t\t\t<div class=\"elementor-column-wrap elementor-element-populated\">\n\t\t\t\t\t\t\t<div class=\"elementor-widget-wrap\">\n\t\t\t\t\t\t<div class=\"elementor-element elementor-element-38a4a13 elementor-widget elementor-widget-text-editor\" data-id=\"38a4a13\" data-element_type=\"widget\" data-widget_type=\"text-editor.default\">\n\t\t\t\t<div class=\"elementor-widget-container\">\n\t\t\t\t\t<div class=\"elementor-text-editor elementor-clearfix\"><p><a href=\"https:\/\/www.dechets-nouvelle-aquitaine.fr\/reparacteurs\/\" target=\"_blank\" rel=\"noopener\"><img loading=\"lazy\" class=\"alignright wp-image-289 size-medium\" src=\"http:\/\/monquartierzz.org\/wp-content\/uploads\/2020\/01\/R\u00e9paracteurs-300x228.jpg\" alt=\"\" width=\"300\" height=\"228\" \/><\/a>\u00a0<\/p><p><span style=\"font-size: 17.3333px; text-align: right;\">Promotion de l&#8217;annuaire des artisans de la r\u00e9paration et des R\u00e9par&#8217;Acteurs de Nouvelle-Aquitaine pour tout ce qui concerne les d\u00e9chets potentiels de : textile, chaussures, cuir, petit mobilier, DEEE (D\u00e9chets \u00c9lectroniques, \u00c9lectriques et \u00c9lectrom\u00e9nagers), outils de jardinage etc.<\/span><\/p><\/div>\n\t\t\t\t<\/div>\n\t\t\t\t<\/div>\n\t\t\t\t\t\t<\/div>\n\t\t\t\t\t<\/div>\n\t\t<\/div>\n\t\t\t\t\t\t\t\t<\/div>\n\t\t\t\t\t<\/div>\n\t\t<\/section>\n\t\t\t\t<section class=\"elementor-section elementor-top-section elementor-element elementor-element-193f9c2 elementor-section-boxed elementor-section-height-default elementor-section-height-default\" data-id=\"193f9c2\" data-element_type=\"section\">\n\t\t\t\t\t\t<div class=\"elementor-container elementor-column-gap-default\">\n\t\t\t\t\t\t\t<div class=\"elementor-row\">\n\t\t\t\t\t<div class=\"elementor-column elementor-col-100 elementor-top-column elementor-element elementor-element-7f68dd7\" data-id=\"7f68dd7\" data-element_type=\"column\">\n\t\t\t<div class=\"elementor-column-wrap elementor-element-populated\">\n\t\t\t\t\t\t\t<div class=\"elementor-widget-wrap\">\n\t\t\t\t\t\t<div class=\"elementor-element elementor-element-55b8f97 elementor-widget elementor-widget-heading\" data-id=\"55b8f97\" data-element_type=\"widget\" data-widget_type=\"heading.default\">\n\t\t\t\t<div class=\"elementor-widget-container\">\n\t\t\t<h2 class=\"elementor-heading-title elementor-size-default\">Le frigo z\u00e9ro gaspi - CREPAQ<\/h2>\t\t<\/div>\n\t\t\t\t<\/div>\n\t\t\t\t\t\t<\/div>\n\t\t\t\t\t<\/div>\n\t\t<\/div>\n\t\t\t\t\t\t\t\t<\/div>\n\t\t\t\t\t<\/div>\n\t\t<\/section>\n\t\t\t\t<section class=\"elementor-section elementor-top-section elementor-element elementor-element-8f42cc4 elementor-section-boxed elementor-section-height-default elementor-section-height-default\" data-id=\"8f42cc4\" data-element_type=\"section\">\n\t\t\t\t\t\t<div class=\"elementor-container elementor-column-gap-default\">\n\t\t\t\t\t\t\t<div class=\"elementor-row\">\n\t\t\t\t\t<div class=\"elementor-column elementor-col-100 elementor-top-column elementor-element elementor-element-7921925\" data-id=\"7921925\" data-element_type=\"column\">\n\t\t\t<div class=\"elementor-column-wrap elementor-element-populated\">\n\t\t\t\t\t\t\t<div class=\"elementor-widget-wrap\">\n\t\t\t\t\t\t<div class=\"elementor-element elementor-element-c5d11a5 elementor-widget elementor-widget-text-editor\" data-id=\"c5d11a5\" data-element_type=\"widget\" data-widget_type=\"text-editor.default\">\n\t\t\t\t<div class=\"elementor-widget-container\">\n\t\t\t\t\t<div class=\"elementor-text-editor elementor-clearfix\"><p><a href=\"https:\/\/www.crepaq.ong\/\" target=\"_blank\" rel=\"noopener\"><img loading=\"lazy\" class=\"alignleft wp-image-276\" src=\"http:\/\/monquartierzz.org\/wp-content\/uploads\/2020\/01\/crepaq-300x300.jpg\" alt=\"\" width=\"200\" height=\"200\" srcset=\"https:\/\/monquartierzz.org\/wp-content\/uploads\/2020\/01\/crepaq-300x300.jpg 300w, https:\/\/monquartierzz.org\/wp-content\/uploads\/2020\/01\/crepaq-150x150.jpg 150w, https:\/\/monquartierzz.org\/wp-content\/uploads\/2020\/01\/crepaq.jpg 512w\" sizes=\"(max-width: 200px) 100vw, 200px\" \/><\/a><\/p><p>D\u00e9marche visant \u00e0 installer dans l\u2019espace public un mobilier collaboratif qui a vocation \u00e0 recevoir et offrir librement des denr\u00e9es alimentaires. Ce mobilier ou \u00e9quipement se compose d\u2019un meuble frigorifique pour les denr\u00e9es p\u00e9rissables auquel peut \u00eatre accol\u00e9 un meuble garde-manger pour les produits secs.<\/p><\/div>\n\t\t\t\t<\/div>\n\t\t\t\t<\/div>\n\t\t\t\t\t\t<\/div>\n\t\t\t\t\t<\/div>\n\t\t<\/div>\n\t\t\t\t\t\t\t\t<\/div>\n\t\t\t\t\t<\/div>\n\t\t<\/section>\n\t\t\t\t<section class=\"elementor-section elementor-top-section elementor-element elementor-element-5209757 elementor-section-boxed elementor-section-height-default elementor-section-height-default\" data-id=\"5209757\" data-element_type=\"section\">\n\t\t\t\t\t\t<div class=\"elementor-container elementor-column-gap-default\">\n\t\t\t\t\t\t\t<div class=\"elementor-row\">\n\t\t\t\t\t<div class=\"elementor-column elementor-col-100 elementor-top-column elementor-element elementor-element-71f097d\" data-id=\"71f097d\" data-element_type=\"column\">\n\t\t\t<div class=\"elementor-column-wrap elementor-element-populated\">\n\t\t\t\t\t\t\t<div class=\"elementor-widget-wrap\">\n\t\t\t\t\t\t<div class=\"elementor-element elementor-element-600009f elementor-widget elementor-widget-heading\" data-id=\"600009f\" data-element_type=\"widget\" data-widget_type=\"heading.default\">\n\t\t\t\t<div class=\"elementor-widget-container\">\n\t\t\t<h2 class=\"elementor-heading-title elementor-size-default\">Speed dating z\u00e9ro d\u00e9chet - accompagnement personnalis\u00e9 - Rudy Guilhem<\/h2>\t\t<\/div>\n\t\t\t\t<\/div>\n\t\t\t\t\t\t<\/div>\n\t\t\t\t\t<\/div>\n\t\t<\/div>\n\t\t\t\t\t\t\t\t<\/div>\n\t\t\t\t\t<\/div>\n\t\t<\/section>\n\t\t\t\t<section class=\"elementor-section elementor-top-section elementor-element elementor-element-fd9baf6 elementor-section-boxed elementor-section-height-default elementor-section-height-default\" data-id=\"fd9baf6\" data-element_type=\"section\">\n\t\t\t\t\t\t<div class=\"elementor-container elementor-column-gap-default\">\n\t\t\t\t\t\t\t<div class=\"elementor-row\">\n\t\t\t\t\t<div class=\"elementor-column elementor-col-100 elementor-top-column elementor-element elementor-element-98df1e5\" data-id=\"98df1e5\" data-element_type=\"column\">\n\t\t\t<div class=\"elementor-column-wrap elementor-element-populated\">\n\t\t\t\t\t\t\t<div class=\"elementor-widget-wrap\">\n\t\t\t\t\t\t<div class=\"elementor-element elementor-element-d8d0359 elementor-widget elementor-widget-text-editor\" data-id=\"d8d0359\" data-element_type=\"widget\" data-widget_type=\"text-editor.default\">\n\t\t\t\t<div class=\"elementor-widget-container\">\n\t\t\t\t\t<div class=\"elementor-text-editor elementor-clearfix\"><p>Sensibilisation et formation au z\u00e9ro d\u00e9chet, accompagnement personnalis\u00e9 d\u2019habitant\u00b7es lors d\u2019un \u00e9v\u00e9nement, sur un stand.<\/p><\/div>\n\t\t\t\t<\/div>\n\t\t\t\t<\/div>\n\t\t\t\t\t\t<\/div>\n\t\t\t\t\t<\/div>\n\t\t<\/div>\n\t\t\t\t\t\t\t\t<\/div>\n\t\t\t\t\t<\/div>\n\t\t<\/section>\n\t\t\t\t<section class=\"elementor-section elementor-top-section elementor-element elementor-element-8748324 elementor-section-boxed elementor-section-height-default elementor-section-height-default\" data-id=\"8748324\" data-element_type=\"section\">\n\t\t\t\t\t\t<div class=\"elementor-container elementor-column-gap-default\">\n\t\t\t\t\t\t\t<div class=\"elementor-row\">\n\t\t\t\t\t<div class=\"elementor-column elementor-col-100 elementor-top-column elementor-element elementor-element-bc56439\" data-id=\"bc56439\" data-element_type=\"column\">\n\t\t\t<div class=\"elementor-column-wrap elementor-element-populated\">\n\t\t\t\t\t\t\t<div class=\"elementor-widget-wrap\">\n\t\t\t\t\t\t<div class=\"elementor-element elementor-element-9401b30 elementor-widget elementor-widget-heading\" data-id=\"9401b30\" data-element_type=\"widget\" data-widget_type=\"heading.default\">\n\t\t\t\t<div class=\"elementor-widget-container\">\n\t\t\t<h2 class=\"elementor-heading-title elementor-size-default\">Mon commer\u00e7ant z\u00e9ro d\u00e9chet - Zero Waste Bordeaux<\/h2>\t\t<\/div>\n\t\t\t\t<\/div>\n\t\t\t\t\t\t<\/div>\n\t\t\t\t\t<\/div>\n\t\t<\/div>\n\t\t\t\t\t\t\t\t<\/div>\n\t\t\t\t\t<\/div>\n\t\t<\/section>\n\t\t\t\t<section class=\"elementor-section elementor-top-section elementor-element elementor-element-216493d elementor-section-boxed elementor-section-height-default elementor-section-height-default\" data-id=\"216493d\" data-element_type=\"section\">\n\t\t\t\t\t\t<div class=\"elementor-container elementor-column-gap-default\">\n\t\t\t\t\t\t\t<div class=\"elementor-row\">\n\t\t\t\t\t<div class=\"elementor-column elementor-col-100 elementor-top-column elementor-element elementor-element-05c7a3e\" data-id=\"05c7a3e\" data-element_type=\"column\">\n\t\t\t<div class=\"elementor-column-wrap elementor-element-populated\">\n\t\t\t\t\t\t\t<div class=\"elementor-widget-wrap\">\n\t\t\t\t\t\t<div class=\"elementor-element elementor-element-edf793b elementor-widget elementor-widget-text-editor\" data-id=\"edf793b\" data-element_type=\"widget\" data-widget_type=\"text-editor.default\">\n\t\t\t\t<div class=\"elementor-widget-container\">\n\t\t\t\t\t<div class=\"elementor-text-editor elementor-clearfix\"><p><a href=\"http:\/\/zerowastebordeaux.fr\/\" target=\"_blank\" rel=\"noopener\"><img loading=\"lazy\" class=\"alignleft wp-image-279 \" src=\"http:\/\/monquartierzz.org\/wp-content\/uploads\/2020\/01\/ZWB-300x300.jpg\" alt=\"\" width=\"201\" height=\"201\" srcset=\"https:\/\/monquartierzz.org\/wp-content\/uploads\/2020\/01\/ZWB-300x300.jpg 300w, https:\/\/monquartierzz.org\/wp-content\/uploads\/2020\/01\/ZWB-150x150.jpg 150w, https:\/\/monquartierzz.org\/wp-content\/uploads\/2020\/01\/ZWB.jpg 750w\" sizes=\"(max-width: 201px) 100vw, 201px\" \/><\/a>\u00a0<span style=\"font-size: 17.3333px;\">La mission &#8220;Mon commer\u00e7ant zero d\u00e9chet&#8221; consiste \u00e0 sensibiliser les commerces de proximit\u00e9 afin de leur faire prendre conscience de leur r\u00f4le dans la r\u00e9duction de production de d\u00e9chets. Deux niveaux sont concern\u00e9s :<\/span><\/p><p>1 &#8211; Les d\u00e9chets \u00e9mis en amont (via les fournisseurs des commer\u00e7ants)<br \/>2 &#8211; Les emballages \u00e0 usage unique g\u00e9n\u00e9r\u00e9s par le commer\u00e7ants et jet\u00e9s ensuite par les client\u00b7es.<\/p><\/div>\n\t\t\t\t<\/div>\n\t\t\t\t<\/div>\n\t\t\t\t\t\t<\/div>\n\t\t\t\t\t<\/div>\n\t\t<\/div>\n\t\t\t\t\t\t\t\t<\/div>\n\t\t\t\t\t<\/div>\n\t\t<\/section>\n\t\t\t\t<section class=\"elementor-section elementor-top-section elementor-element elementor-element-1969743 elementor-section-boxed elementor-section-height-default elementor-section-height-default\" data-id=\"1969743\" data-element_type=\"section\">\n\t\t\t\t\t\t<div class=\"elementor-container elementor-column-gap-default\">\n\t\t\t\t\t\t\t<div class=\"elementor-row\">\n\t\t\t\t\t<div class=\"elementor-column elementor-col-100 elementor-top-column elementor-element elementor-element-0cfe201\" data-id=\"0cfe201\" data-element_type=\"column\">\n\t\t\t<div class=\"elementor-column-wrap elementor-element-populated\">\n\t\t\t\t\t\t\t<div class=\"elementor-widget-wrap\">\n\t\t\t\t\t\t<div class=\"elementor-element elementor-element-d43da23 elementor-widget elementor-widget-heading\" data-id=\"d43da23\" data-element_type=\"widget\" data-widget_type=\"heading.default\">\n\t\t\t\t<div class=\"elementor-widget-container\">\n\t\t\t<h2 class=\"elementor-heading-title elementor-size-default\">Ouvrir une Ressourcerie de Quartier au c\u0153ur de la Bastide - Atelier d\u2019\u00e9co solidaire<\/h2>\t\t<\/div>\n\t\t\t\t<\/div>\n\t\t\t\t\t\t<\/div>\n\t\t\t\t\t<\/div>\n\t\t<\/div>\n\t\t\t\t\t\t\t\t<\/div>\n\t\t\t\t\t<\/div>\n\t\t<\/section>\n\t\t\t\t<section class=\"elementor-section elementor-top-section elementor-element elementor-element-bf6b19b elementor-section-boxed elementor-section-height-default elementor-section-height-default\" data-id=\"bf6b19b\" data-element_type=\"section\">\n\t\t\t\t\t\t<div class=\"elementor-container elementor-column-gap-default\">\n\t\t\t\t\t\t\t<div class=\"elementor-row\">\n\t\t\t\t\t<div class=\"elementor-column elementor-col-100 elementor-top-column elementor-element elementor-element-ce0f56e\" data-id=\"ce0f56e\" data-element_type=\"column\">\n\t\t\t<div class=\"elementor-column-wrap elementor-element-populated\">\n\t\t\t\t\t\t\t<div class=\"elementor-widget-wrap\">\n\t\t\t\t\t\t<div class=\"elementor-element elementor-element-72e5ed1 elementor-widget elementor-widget-text-editor\" data-id=\"72e5ed1\" data-element_type=\"widget\" data-widget_type=\"text-editor.default\">\n\t\t\t\t<div class=\"elementor-widget-container\">\n\t\t\t\t\t<div class=\"elementor-text-editor elementor-clearfix\"><p><a href=\"https:\/\/atelierdecosolidaire.com\/\" target=\"_blank\" rel=\"noopener\"><img loading=\"lazy\" class=\"alignright\" src=\"http:\/\/monquartierzz.org\/wp-content\/uploads\/2020\/01\/atelier-d-eco-solidaire-300x271.jpg\" alt=\"\" width=\"300\" height=\"271\" \/><\/a>\u00a0<span style=\"font-size: 17.3333px;\">Ce lieu sera un point d\u2019apport volontaire, o\u00f9 tout un chacun, particulier ou professionnels, pourra venir d\u00e9poser ses encombrants, qui seront r\u00e9utilis\u00e9s ou recycl\u00e9s.<\/span><\/p><p>Cet espace sera un v\u00e9ritable lieu ressource implant\u00e9 au c\u0153ur du quartier. Sensibilisation et animation autour de l\u2019\u00e9co-citoyennet\u00e9 sont \u00e0 la base du projet, par le tissage de liens avec le monde \u00e9ducatif, les acteurs associatifs locaux, les \u00e9quipes de proximit\u00e9 de la commune, les bailleurs sociaux et les structures \/ acteurs volontaires g\u00e9n\u00e9rant cette dynamique de quartier Z\u00e9ro D\u00e9chet, Z\u00e9ro Gaspi.<br \/>L\u2019Espace Z\u00e9ro Gaspi sera \u00e9galement un lieu de vente \u00e0 bas prix des produits issus de la collecte \u00e0 domicile ou apport\u00e9s par les habitant\u00b7es, permettant notamment aux personnes \u00e0 faible revenu de s\u2019\u00e9quiper \u00e0 moindre co\u00fbt.<\/p><\/div>\n\t\t\t\t<\/div>\n\t\t\t\t<\/div>\n\t\t\t\t\t\t<\/div>\n\t\t\t\t\t<\/div>\n\t\t<\/div>\n\t\t\t\t\t\t\t\t<\/div>\n\t\t\t\t\t<\/div>\n\t\t<\/section>\n\t\t\t\t<section class=\"elementor-section elementor-top-section elementor-element elementor-element-baf899a elementor-section-boxed elementor-section-height-default elementor-section-height-default\" data-id=\"baf899a\" data-element_type=\"section\">\n\t\t\t\t\t\t<div class=\"elementor-container elementor-column-gap-default\">\n\t\t\t\t\t\t\t<div class=\"elementor-row\">\n\t\t\t\t\t<div class=\"elementor-column elementor-col-100 elementor-top-column elementor-element elementor-element-6ae9eb8\" data-id=\"6ae9eb8\" data-element_type=\"column\">\n\t\t\t<div class=\"elementor-column-wrap elementor-element-populated\">\n\t\t\t\t\t\t\t<div class=\"elementor-widget-wrap\">\n\t\t\t\t\t\t<div class=\"elementor-element elementor-element-ffefc04 elementor-widget elementor-widget-heading\" data-id=\"ffefc04\" data-element_type=\"widget\" data-widget_type=\"heading.default\">\n\t\t\t\t<div class=\"elementor-widget-container\">\n\t\t\t<h2 class=\"elementor-heading-title elementor-size-default\">Animation d'ateliers de sensibilisation aux modes de consommation responsables - Maxime Bonamie<\/h2>\t\t<\/div>\n\t\t\t\t<\/div>\n\t\t\t\t\t\t<\/div>\n\t\t\t\t\t<\/div>\n\t\t<\/div>\n\t\t\t\t\t\t\t\t<\/div>\n\t\t\t\t\t<\/div>\n\t\t<\/section>\n\t\t\t\t<section class=\"elementor-section elementor-top-section elementor-element elementor-element-d158eb2 elementor-section-boxed elementor-section-height-default elementor-section-height-default\" data-id=\"d158eb2\" data-element_type=\"section\">\n\t\t\t\t\t\t<div class=\"elementor-container elementor-column-gap-default\">\n\t\t\t\t\t\t\t<div class=\"elementor-row\">\n\t\t\t\t\t<div class=\"elementor-column elementor-col-100 elementor-top-column elementor-element elementor-element-ed5fa0c\" data-id=\"ed5fa0c\" data-element_type=\"column\">\n\t\t\t<div class=\"elementor-column-wrap elementor-element-populated\">\n\t\t\t\t\t\t\t<div class=\"elementor-widget-wrap\">\n\t\t\t\t\t\t<div class=\"elementor-element elementor-element-6f8f03d elementor-widget elementor-widget-text-editor\" data-id=\"6f8f03d\" data-element_type=\"widget\" data-widget_type=\"text-editor.default\">\n\t\t\t\t<div class=\"elementor-widget-container\">\n\t\t\t\t\t<div class=\"elementor-text-editor elementor-clearfix\"><p>Ateliers de r\u00e9flexion sur les modes de consommation afin d&#8217;identifier des points \u00e0 am\u00e9liorer et pr\u00e9sentation des alternatives possibles \u00e0 mettre en place : il s&#8217;agit de montrer qu&#8217;il est possible, gr\u00e2ce \u00e0 de petits gestes du quotidien, de r\u00e9duire sa production de d\u00e9chets et de pr\u00e9server la plan\u00e8te et par cons\u00e9quent sa sant\u00e9.<\/p><\/div>\n\t\t\t\t<\/div>\n\t\t\t\t<\/div>\n\t\t\t\t<div class=\"elementor-element elementor-element-9855c00 elementor-widget elementor-widget-heading\" data-id=\"9855c00\" data-element_type=\"widget\" data-widget_type=\"heading.default\">\n\t\t\t\t<div class=\"elementor-widget-container\">\n\t\t\t<h2 class=\"elementor-heading-title elementor-size-default\">Partage d\u2019exp\u00e9rience d\u00e9fi 0 d\u00e9chet M\u00e9rignac Arlac - Les Z\u2019h\u00e9ros du d\u00e9chet<\/h2>\t\t<\/div>\n\t\t\t\t<\/div>\n\t\t\t\t<div class=\"elementor-element elementor-element-a735d1a elementor-widget elementor-widget-text-editor\" data-id=\"a735d1a\" data-element_type=\"widget\" data-widget_type=\"text-editor.default\">\n\t\t\t\t<div class=\"elementor-widget-container\">\n\t\t\t\t\t<div class=\"elementor-text-editor elementor-clearfix\"><p><a href=\"https:\/\/www.facebook.com\/leszherosdudechet\/\" target=\"_blank\" rel=\"noopener\"><img loading=\"lazy\" class=\"alignright wp-image-290\" src=\"http:\/\/monquartierzz.org\/wp-content\/uploads\/2020\/01\/Zh\u00e9ros-d\u00e9chet-300x250.jpg\" alt=\"\" width=\"173\" height=\"144\" \/><\/a>\u00a0<span style=\"font-size: 17.3333px;\">Moment de partage convivial avec retour d&#8217;exp\u00e9rience sur le d\u00e9fi presque z\u00e9ro d\u00e9chet des familles d&#8217;Arlac qui s&#8217;est d\u00e9roul\u00e9 d&#8217;octobre 2017 \u00e0 juin 2018 : id\u00e9e de d\u00e9part, motivations \u00e9cocitoyennes, d\u00e9roulement des ateliers, atteinte des objectifs.<\/span><\/p><\/div>\n\t\t\t\t<\/div>\n\t\t\t\t<\/div>\n\t\t\t\t<div class=\"elementor-element elementor-element-0dc4344 elementor-widget elementor-widget-heading\" data-id=\"0dc4344\" data-element_type=\"widget\" data-widget_type=\"heading.default\">\n\t\t\t\t<div class=\"elementor-widget-container\">\n\t\t\t<h2 class=\"elementor-heading-title elementor-size-default\">Atelier \u201cLes Mascottes Z\u00e9ro d\u00e9chet\u201d - CANCAN<\/h2>\t\t<\/div>\n\t\t\t\t<\/div>\n\t\t\t\t\t\t<\/div>\n\t\t\t\t\t<\/div>\n\t\t<\/div>\n\t\t\t\t\t\t\t\t<\/div>\n\t\t\t\t\t<\/div>\n\t\t<\/section>\n\t\t\t\t<section class=\"elementor-section elementor-top-section elementor-element elementor-element-3554177 elementor-section-boxed elementor-section-height-default elementor-section-height-default\" data-id=\"3554177\" data-element_type=\"section\">\n\t\t\t\t\t\t<div class=\"elementor-container elementor-column-gap-default\">\n\t\t\t\t\t\t\t<div class=\"elementor-row\">\n\t\t\t\t\t<div class=\"elementor-column elementor-col-100 elementor-top-column elementor-element elementor-element-8408bd3\" data-id=\"8408bd3\" data-element_type=\"column\">\n\t\t\t<div class=\"elementor-column-wrap elementor-element-populated\">\n\t\t\t\t\t\t\t<div class=\"elementor-widget-wrap\">\n\t\t\t\t\t\t<div class=\"elementor-element elementor-element-a5a2f90 elementor-widget elementor-widget-text-editor\" data-id=\"a5a2f90\" data-element_type=\"widget\" data-widget_type=\"text-editor.default\">\n\t\t\t\t<div class=\"elementor-widget-container\">\n\t\t\t\t\t<div class=\"elementor-text-editor elementor-clearfix\"><p><a href=\"https:\/\/www.facebook.com\/collectifcancan\/?__tn__=%2Cd%2CP-R&amp;eid=ARDz3WD6QySua_gKo5C1zlgnur8Oj1ThT9xwgNDxk4pjLcMSVrigW7s8F40ewtE4COhIGZLj5ZiTaoSY\" target=\"_blank\" rel=\"noopener\"><img loading=\"lazy\" class=\"alignleft wp-image-299\" src=\"http:\/\/monquartierzz.org\/wp-content\/uploads\/2020\/01\/Cancan-300x300.jpg\" alt=\"\" width=\"187\" height=\"187\" srcset=\"https:\/\/monquartierzz.org\/wp-content\/uploads\/2020\/01\/Cancan-300x300.jpg 300w, https:\/\/monquartierzz.org\/wp-content\/uploads\/2020\/01\/Cancan-150x150.jpg 150w, https:\/\/monquartierzz.org\/wp-content\/uploads\/2020\/01\/Cancan.jpg 625w\" sizes=\"(max-width: 187px) 100vw, 187px\" \/><\/a>\u00a0<span style=\"font-size: 17.3333px;\">Conception de mascottes z\u00e9ro d\u00e9chet construites en mat\u00e9riaux issus du r\u00e9emploi de mati\u00e8res provenant du quartier. Elle sera constitu\u00e9e de 4 figures tridimensionnelles qui vont symboliser la d\u00e9marche et les valeurs du quartier z\u00e9ro d\u00e9chet.<br \/><\/span><\/p><p>Elles prendront vie sous la forme de d\u00e9fil\u00e9, d&#8217;interventions p\u00e9dagogiques, lors d&#8217;un carnaval et d&#8217;autres \u00e9v\u00e9nements marquants du quartier z\u00e9ro d\u00e9chet.<\/p><\/div>\n\t\t\t\t<\/div>\n\t\t\t\t<\/div>\n\t\t\t\t\t\t<\/div>\n\t\t\t\t\t<\/div>\n\t\t<\/div>\n\t\t\t\t\t\t\t\t<\/div>\n\t\t\t\t\t<\/div>\n\t\t<\/section>\n\t\t\t\t<section class=\"elementor-section elementor-top-section elementor-element elementor-element-3bdd1c4 elementor-section-boxed elementor-section-height-default elementor-section-height-default\" data-id=\"3bdd1c4\" data-element_type=\"section\">\n\t\t\t\t\t\t<div class=\"elementor-container elementor-column-gap-default\">\n\t\t\t\t\t\t\t<div class=\"elementor-row\">\n\t\t\t\t\t<div class=\"elementor-column elementor-col-100 elementor-top-column elementor-element elementor-element-8f5c02c\" data-id=\"8f5c02c\" data-element_type=\"column\">\n\t\t\t<div class=\"elementor-column-wrap elementor-element-populated\">\n\t\t\t\t\t\t\t<div class=\"elementor-widget-wrap\">\n\t\t\t\t\t\t<div class=\"elementor-element elementor-element-331b935 elementor-widget elementor-widget-heading\" data-id=\"331b935\" data-element_type=\"widget\" data-widget_type=\"heading.default\">\n\t\t\t\t<div class=\"elementor-widget-container\">\n\t\t\t<h2 class=\"elementor-heading-title elementor-size-default\">f\u00eate de fin d'ann\u00e9e z\u00e9ro d\u00e9chet - Ekolo[geek]<\/h2>\t\t<\/div>\n\t\t\t\t<\/div>\n\t\t\t\t<div class=\"elementor-element elementor-element-f892145 elementor-widget elementor-widget-text-editor\" data-id=\"f892145\" data-element_type=\"widget\" data-widget_type=\"text-editor.default\">\n\t\t\t\t<div class=\"elementor-widget-container\">\n\t\t\t\t\t<div class=\"elementor-text-editor elementor-clearfix\"><p><a href=\"https:\/\/www.ekologeek.com\/page\/165915-ecogeste-eau-energie-dechets-consommer-responsable\" target=\"_blank\" rel=\"noopener\"><img loading=\"lazy\" class=\"alignright wp-image-280 size-medium\" src=\"http:\/\/monquartierzz.org\/wp-content\/uploads\/2020\/01\/Ekologeek-300x80.png\" alt=\"\" width=\"300\" height=\"80\" \/><\/a>\u00a0<span style=\"font-size: 17.3333px;\">Organisation d&#8217;une f\u00eate de fin d&#8217;ann\u00e9e z\u00e9ro d\u00e9chet dans une \u00e9cole en produisant le moins de d\u00e9chets possible. Ce sera l&#8217;occasion de r\u00e9unir \u00e9coles, parents d&#8217;\u00e9l\u00e8ves et enfants et \u00e9galement de valoriser les productions des \u00e9l\u00e8ves au cours de l&#8217;ann\u00e9e sur les d\u00e9chets.<\/span><\/p><\/div>\n\t\t\t\t<\/div>\n\t\t\t\t<\/div>\n\t\t\t\t<div class=\"elementor-element elementor-element-2ca7471 elementor-widget elementor-widget-heading\" data-id=\"2ca7471\" data-element_type=\"widget\" data-widget_type=\"heading.default\">\n\t\t\t\t<div class=\"elementor-widget-container\">\n\t\t\t<h2 class=\"elementor-heading-title elementor-size-default\">Ramassage et revalorisation des bio-d\u00e9chets chez les particuliers - Recup\u2019<\/h2>\t\t<\/div>\n\t\t\t\t<\/div>\n\t\t\t\t<div class=\"elementor-element elementor-element-90dbd6c elementor-widget elementor-widget-text-editor\" data-id=\"90dbd6c\" data-element_type=\"widget\" data-widget_type=\"text-editor.default\">\n\t\t\t\t<div class=\"elementor-widget-container\">\n\t\t\t\t\t<div class=\"elementor-text-editor elementor-clearfix\"><p><a href=\"https:\/\/www.recup-compostage-urbain.fr\/\" target=\"_blank\" rel=\"noopener\"><img loading=\"lazy\" class=\"alignleft wp-image-288\" src=\"http:\/\/monquartierzz.org\/wp-content\/uploads\/2020\/01\/R\u00e9cup-logo-300x293.png\" alt=\"\" width=\"189\" height=\"185\" srcset=\"https:\/\/monquartierzz.org\/wp-content\/uploads\/2020\/01\/R\u00e9cup-logo-300x293.png 300w, https:\/\/monquartierzz.org\/wp-content\/uploads\/2020\/01\/R\u00e9cup-logo-768x750.png 768w, https:\/\/monquartierzz.org\/wp-content\/uploads\/2020\/01\/R\u00e9cup-logo-1024x1000.png 1024w, https:\/\/monquartierzz.org\/wp-content\/uploads\/2020\/01\/R\u00e9cup-logo.png 1350w\" sizes=\"(max-width: 189px) 100vw, 189px\" \/><\/a>\u00a0<span style=\"font-size: 17.3333px;\">Recup\u2019 met \u00e0 disposition des m\u00e9nages int\u00e9ress\u00e9s un seau Bokashi, fonctionnant gr\u00e2ce \u00e0 l\u2019utilisation de Micro-Organismes Efficients (EM). En \u00e9change d&#8217;une adh\u00e9sion \u00e0 leur association, les membres de cette association viennent r\u00e9cup\u00e9rer le contenu des seauxquand il est plein, le tout en v\u00e9los triporteur et biporteur \u00e9lectriques<\/span><\/p><\/div>\n\t\t\t\t<\/div>\n\t\t\t\t<\/div>\n\t\t\t\t\t\t<\/div>\n\t\t\t\t\t<\/div>\n\t\t<\/div>\n\t\t\t\t\t\t\t\t<\/div>\n\t\t\t\t\t<\/div>\n\t\t<\/section>\n\t\t\t\t<section class=\"elementor-section elementor-top-section elementor-element elementor-element-6af1605 elementor-section-boxed elementor-section-height-default elementor-section-height-default\" data-id=\"6af1605\" data-element_type=\"section\">\n\t\t\t\t\t\t<div class=\"elementor-container elementor-column-gap-default\">\n\t\t\t\t\t\t\t<div class=\"elementor-row\">\n\t\t\t\t\t<div class=\"elementor-column elementor-col-100 elementor-top-column elementor-element elementor-element-f69e579\" data-id=\"f69e579\" data-element_type=\"column\">\n\t\t\t<div class=\"elementor-column-wrap elementor-element-populated\">\n\t\t\t\t\t\t\t<div class=\"elementor-widget-wrap\">\n\t\t\t\t\t\t<div class=\"elementor-element elementor-element-5b579e7 elementor-widget elementor-widget-heading\" data-id=\"5b579e7\" data-element_type=\"widget\" data-widget_type=\"heading.default\">\n\t\t\t\t<div class=\"elementor-widget-container\">\n\t\t\t<h2 class=\"elementor-heading-title elementor-size-default\">Ateliers de cuisine 0 gaspi avec les habitant\u00b7es - L\u2019assiette en transition<\/h2>\t\t<\/div>\n\t\t\t\t<\/div>\n\t\t\t\t\t\t<\/div>\n\t\t\t\t\t<\/div>\n\t\t<\/div>\n\t\t\t\t\t\t\t\t<\/div>\n\t\t\t\t\t<\/div>\n\t\t<\/section>\n\t\t\t\t<section class=\"elementor-section elementor-top-section elementor-element elementor-element-d3121cb elementor-section-boxed elementor-section-height-default elementor-section-height-default\" data-id=\"d3121cb\" data-element_type=\"section\">\n\t\t\t\t\t\t<div class=\"elementor-container elementor-column-gap-default\">\n\t\t\t\t\t\t\t<div class=\"elementor-row\">\n\t\t\t\t\t<div class=\"elementor-column elementor-col-100 elementor-top-column elementor-element elementor-element-b659fd2\" data-id=\"b659fd2\" data-element_type=\"column\">\n\t\t\t<div class=\"elementor-column-wrap elementor-element-populated\">\n\t\t\t\t\t\t\t<div class=\"elementor-widget-wrap\">\n\t\t\t\t\t\t<div class=\"elementor-element elementor-element-bb29b94 elementor-widget elementor-widget-text-editor\" data-id=\"bb29b94\" data-element_type=\"widget\" data-widget_type=\"text-editor.default\">\n\t\t\t\t<div class=\"elementor-widget-container\">\n\t\t\t\t\t<div class=\"elementor-text-editor elementor-clearfix\"><p><a href=\"http:\/\/www.bordeaux-transition.org\/a-bordeaux\/cuisine-en-transition\" target=\"_blank\" rel=\"noopener\"><img loading=\"lazy\" class=\"alignright wp-image-274\" src=\"http:\/\/monquartierzz.org\/wp-content\/uploads\/2020\/01\/AET-300x300.png\" alt=\"\" width=\"219\" height=\"219\" srcset=\"https:\/\/monquartierzz.org\/wp-content\/uploads\/2020\/01\/AET-300x300.png 300w, https:\/\/monquartierzz.org\/wp-content\/uploads\/2020\/01\/AET-150x150.png 150w, https:\/\/monquartierzz.org\/wp-content\/uploads\/2020\/01\/AET-768x768.png 768w, https:\/\/monquartierzz.org\/wp-content\/uploads\/2020\/01\/AET.png 960w\" sizes=\"(max-width: 219px) 100vw, 219px\" \/><\/a>\u00a0<\/p><p>Mise en place d\u2019atelier de cuisine 0 gaspillage avec et chez les habitant\u00b7es du quartier pour sensibiliser sur la r\u00e9duction de d\u00e9chets alimentaires et cuisiner l&#8217;int\u00e9gralit\u00e9 des fruits et l\u00e9gumes de saison.<\/p><\/div>\n\t\t\t\t<\/div>\n\t\t\t\t<\/div>\n\t\t\t\t\t\t<\/div>\n\t\t\t\t\t<\/div>\n\t\t<\/div>\n\t\t\t\t\t\t\t\t<\/div>\n\t\t\t\t\t<\/div>\n\t\t<\/section>\n\t\t\t\t<section class=\"elementor-section elementor-top-section elementor-element elementor-element-92df902 elementor-section-boxed elementor-section-height-default elementor-section-height-default\" data-id=\"92df902\" data-element_type=\"section\">\n\t\t\t\t\t\t<div class=\"elementor-container elementor-column-gap-default\">\n\t\t\t\t\t\t\t<div class=\"elementor-row\">\n\t\t\t\t\t<div class=\"elementor-column elementor-col-100 elementor-top-column elementor-element elementor-element-343d0d4\" data-id=\"343d0d4\" data-element_type=\"column\">\n\t\t\t<div class=\"elementor-column-wrap elementor-element-populated\">\n\t\t\t\t\t\t\t<div class=\"elementor-widget-wrap\">\n\t\t\t\t\t\t<div class=\"elementor-element elementor-element-18366de elementor-widget elementor-widget-heading\" data-id=\"18366de\" data-element_type=\"widget\" data-widget_type=\"heading.default\">\n\t\t\t\t<div class=\"elementor-widget-container\">\n\t\t\t<h2 class=\"elementor-heading-title elementor-size-default\">Service d\u2019aide au recyclage du verre - Pic'Verre<\/h2>\t\t<\/div>\n\t\t\t\t<\/div>\n\t\t\t\t\t\t<\/div>\n\t\t\t\t\t<\/div>\n\t\t<\/div>\n\t\t\t\t\t\t\t\t<\/div>\n\t\t\t\t\t<\/div>\n\t\t<\/section>\n\t\t\t\t<section class=\"elementor-section elementor-top-section elementor-element elementor-element-075cd28 elementor-section-boxed elementor-section-height-default elementor-section-height-default\" data-id=\"075cd28\" data-element_type=\"section\">\n\t\t\t\t\t\t<div class=\"elementor-container elementor-column-gap-default\">\n\t\t\t\t\t\t\t<div class=\"elementor-row\">\n\t\t\t\t\t<div class=\"elementor-column elementor-col-100 elementor-top-column elementor-element elementor-element-f27dbc3\" data-id=\"f27dbc3\" data-element_type=\"column\">\n\t\t\t<div class=\"elementor-column-wrap elementor-element-populated\">\n\t\t\t\t\t\t\t<div class=\"elementor-widget-wrap\">\n\t\t\t\t\t\t<div class=\"elementor-element elementor-element-ae6dee0 elementor-widget elementor-widget-text-editor\" data-id=\"ae6dee0\" data-element_type=\"widget\" data-widget_type=\"text-editor.default\">\n\t\t\t\t<div class=\"elementor-widget-container\">\n\t\t\t\t\t<div class=\"elementor-text-editor elementor-clearfix\"><p><a href=\"https:\/\/www.pic-verre.fr\/\" target=\"_blank\" rel=\"noopener\"><img loading=\"lazy\" class=\"alignleft wp-image-291\" src=\"http:\/\/monquartierzz.org\/wp-content\/uploads\/2020\/01\/Picverre-264x300.png\" alt=\"\" width=\"201\" height=\"228\" srcset=\"https:\/\/monquartierzz.org\/wp-content\/uploads\/2020\/01\/Picverre-264x300.png 264w, https:\/\/monquartierzz.org\/wp-content\/uploads\/2020\/01\/Picverre.png 334w\" sizes=\"(max-width: 201px) 100vw, 201px\" \/><\/a>\u00a0<\/p><p>Pic&#8217;verre propose une alternative \u00e0 l&#8217;apport volontaire du verre aux bornes de collecte et une logistique \u00e0 la valorisation des emballages en verre. Pour cela, ils viennent r\u00e9cup\u00e9rer chez les habitant\u00b7es du quartier qui le demandent le verre et l&#8217;apportent dans les zones ad\u00e9quates pour le recycler.<\/p><\/div>\n\t\t\t\t<\/div>\n\t\t\t\t<\/div>\n\t\t\t\t\t\t<\/div>\n\t\t\t\t\t<\/div>\n\t\t<\/div>\n\t\t\t\t\t\t\t\t<\/div>\n\t\t\t\t\t<\/div>\n\t\t<\/section>\n\t\t\t\t<section class=\"elementor-section elementor-top-section elementor-element elementor-element-a802bff elementor-section-boxed elementor-section-height-default elementor-section-height-default\" data-id=\"a802bff\" data-element_type=\"section\">\n\t\t\t\t\t\t<div class=\"elementor-container elementor-column-gap-default\">\n\t\t\t\t\t\t\t<div class=\"elementor-row\">\n\t\t\t\t\t<div class=\"elementor-column elementor-col-100 elementor-top-column elementor-element elementor-element-f71c3ed\" data-id=\"f71c3ed\" data-element_type=\"column\">\n\t\t\t<div class=\"elementor-column-wrap elementor-element-populated\">\n\t\t\t\t\t\t\t<div class=\"elementor-widget-wrap\">\n\t\t\t\t\t\t<div class=\"elementor-element elementor-element-44188bf elementor-widget elementor-widget-heading\" data-id=\"44188bf\" data-element_type=\"widget\" data-widget_type=\"heading.default\">\n\t\t\t\t<div class=\"elementor-widget-container\">\n\t\t\t<h2 class=\"elementor-heading-title elementor-size-default\">Animations en temps p\u00e9riscolaire - Ekolo[geek]<\/h2>\t\t<\/div>\n\t\t\t\t<\/div>\n\t\t\t\t\t\t<\/div>\n\t\t\t\t\t<\/div>\n\t\t<\/div>\n\t\t\t\t\t\t\t\t<\/div>\n\t\t\t\t\t<\/div>\n\t\t<\/section>\n\t\t\t\t<section class=\"elementor-section elementor-top-section elementor-element elementor-element-772f433 elementor-section-boxed elementor-section-height-default elementor-section-height-default\" data-id=\"772f433\" data-element_type=\"section\">\n\t\t\t\t\t\t<div class=\"elementor-container elementor-column-gap-default\">\n\t\t\t\t\t\t\t<div class=\"elementor-row\">\n\t\t\t\t\t<div class=\"elementor-column elementor-col-100 elementor-top-column elementor-element elementor-element-6b9065a\" data-id=\"6b9065a\" data-element_type=\"column\">\n\t\t\t<div class=\"elementor-column-wrap elementor-element-populated\">\n\t\t\t\t\t\t\t<div class=\"elementor-widget-wrap\">\n\t\t\t\t\t\t<div class=\"elementor-element elementor-element-8eee04e elementor-widget elementor-widget-text-editor\" data-id=\"8eee04e\" data-element_type=\"widget\" data-widget_type=\"text-editor.default\">\n\t\t\t\t<div class=\"elementor-widget-container\">\n\t\t\t\t\t<div class=\"elementor-text-editor elementor-clearfix\"><p><a href=\"https:\/\/www.ekologeek.com\/page\/165915-ecogeste-eau-energie-dechets-consommer-responsable\" target=\"_blank\" rel=\"noopener\" data-wplink-edit=\"true\"><img loading=\"lazy\" class=\"alignright wp-image-280 size-medium\" src=\"http:\/\/monquartierzz.org\/wp-content\/uploads\/2020\/01\/Ekologeek-300x80.png\" alt=\"\" width=\"300\" height=\"80\" \/><\/a>\u00a0<span style=\"font-size: 17.3333px;\">Diverses animations en temps p\u00e9riscolaire (\u00e0 partir de 3 ans) :<\/span><\/p><ul><li>sur les \u00e9co-gestes pour r\u00e9duire les d\u00e9chets \u00e0 la maison<\/li><li>sur la recherche, exploration et compr\u00e9hension des d\u00e9chets, leurs fili\u00e8res, leur traitement et leur gestion<\/li><li>sur les impacts de nos consommations<\/li><li>sur le recyclage et le r\u00e9emploi des d\u00e9chets d&#8217;\u00e9quipements \u00e9lectriques et \u00e9lectroniques (DEEE)<\/li><\/ul><\/div>\n\t\t\t\t<\/div>\n\t\t\t\t<\/div>\n\t\t\t\t\t\t<\/div>\n\t\t\t\t\t<\/div>\n\t\t<\/div>\n\t\t\t\t\t\t\t\t<\/div>\n\t\t\t\t\t<\/div>\n\t\t<\/section>\n\t\t\t\t<section class=\"elementor-section elementor-top-section elementor-element elementor-element-e8663ac elementor-section-boxed elementor-section-height-default elementor-section-height-default\" data-id=\"e8663ac\" data-element_type=\"section\">\n\t\t\t\t\t\t<div class=\"elementor-container elementor-column-gap-default\">\n\t\t\t\t\t\t\t<div class=\"elementor-row\">\n\t\t\t\t\t<div class=\"elementor-column elementor-col-100 elementor-top-column elementor-element elementor-element-a5f473a\" data-id=\"a5f473a\" data-element_type=\"column\">\n\t\t\t<div class=\"elementor-column-wrap elementor-element-populated\">\n\t\t\t\t\t\t\t<div class=\"elementor-widget-wrap\">\n\t\t\t\t\t\t<div class=\"elementor-element elementor-element-99f092d elementor-widget elementor-widget-heading\" data-id=\"99f092d\" data-element_type=\"widget\" data-widget_type=\"heading.default\">\n\t\t\t\t<div class=\"elementor-widget-container\">\n\t\t\t<h2 class=\"elementor-heading-title elementor-size-default\">Exposition G\u00e9n\u00e9ration ZZ dans le quartier - Maison \u00e9co citoyenne<\/h2>\t\t<\/div>\n\t\t\t\t<\/div>\n\t\t\t\t\t\t<\/div>\n\t\t\t\t\t<\/div>\n\t\t<\/div>\n\t\t\t\t\t\t\t\t<\/div>\n\t\t\t\t\t<\/div>\n\t\t<\/section>\n\t\t\t\t<section class=\"elementor-section elementor-top-section elementor-element elementor-element-5b3b71b elementor-section-boxed elementor-section-height-default elementor-section-height-default\" data-id=\"5b3b71b\" data-element_type=\"section\">\n\t\t\t\t\t\t<div class=\"elementor-container elementor-column-gap-default\">\n\t\t\t\t\t\t\t<div class=\"elementor-row\">\n\t\t\t\t\t<div class=\"elementor-column elementor-col-100 elementor-top-column elementor-element elementor-element-0c5a23c\" data-id=\"0c5a23c\" data-element_type=\"column\">\n\t\t\t<div class=\"elementor-column-wrap elementor-element-populated\">\n\t\t\t\t\t\t\t<div class=\"elementor-widget-wrap\">\n\t\t\t\t\t\t<div class=\"elementor-element elementor-element-0ad14c9 elementor-widget elementor-widget-text-editor\" data-id=\"0ad14c9\" data-element_type=\"widget\" data-widget_type=\"text-editor.default\">\n\t\t\t\t<div class=\"elementor-widget-container\">\n\t\t\t\t\t<div class=\"elementor-text-editor elementor-clearfix\"><p><a href=\"https:\/\/maisoneco.bordeaux-metropole.fr\/\" target=\"_blank\" rel=\"noopener\"><img loading=\"lazy\" class=\"alignleft wp-image-294 size-medium\" src=\"http:\/\/monquartierzz.org\/wp-content\/uploads\/2020\/01\/LOGO-MEC-300x142.png\" alt=\"\" width=\"300\" height=\"142\" srcset=\"https:\/\/monquartierzz.org\/wp-content\/uploads\/2020\/01\/LOGO-MEC-300x142.png 300w, https:\/\/monquartierzz.org\/wp-content\/uploads\/2020\/01\/LOGO-MEC.png 700w\" sizes=\"(max-width: 300px) 100vw, 300px\" \/><\/a>\u00a0<\/p><p><span style=\"font-size: 17.3333px;\">Pr\u00e9sentation de l\u2019exposition G\u00e9n\u00e9ration ZZ dans une version itin\u00e9rante all\u00e9g\u00e9e dans un espace du quartier (biblioth\u00e8que, maison du projet, etc.).<\/span><\/p><\/div>\n\t\t\t\t<\/div>\n\t\t\t\t<\/div>\n\t\t\t\t<div class=\"elementor-element elementor-element-f2a37d6 elementor-widget elementor-widget-heading\" data-id=\"f2a37d6\" data-element_type=\"widget\" data-widget_type=\"heading.default\">\n\t\t\t\t<div class=\"elementor-widget-container\">\n\t\t\t<h2 class=\"elementor-heading-title elementor-size-default\">D\u00e9ambulations en pied d\u2019immeubles - e-graine<\/h2>\t\t<\/div>\n\t\t\t\t<\/div>\n\t\t\t\t\t\t<\/div>\n\t\t\t\t\t<\/div>\n\t\t<\/div>\n\t\t\t\t\t\t\t\t<\/div>\n\t\t\t\t\t<\/div>\n\t\t<\/section>\n\t\t\t\t<section class=\"elementor-section elementor-top-section elementor-element elementor-element-72d48b8 elementor-section-boxed elementor-section-height-default elementor-section-height-default\" data-id=\"72d48b8\" data-element_type=\"section\">\n\t\t\t\t\t\t<div class=\"elementor-container elementor-column-gap-default\">\n\t\t\t\t\t\t\t<div class=\"elementor-row\">\n\t\t\t\t\t<div class=\"elementor-column elementor-col-100 elementor-top-column elementor-element elementor-element-b7622c0\" data-id=\"b7622c0\" data-element_type=\"column\">\n\t\t\t<div class=\"elementor-column-wrap elementor-element-populated\">\n\t\t\t\t\t\t\t<div class=\"elementor-widget-wrap\">\n\t\t\t\t\t\t<div class=\"elementor-element elementor-element-0d7e95d elementor-widget elementor-widget-text-editor\" data-id=\"0d7e95d\" data-element_type=\"widget\" data-widget_type=\"text-editor.default\">\n\t\t\t\t<div class=\"elementor-widget-container\">\n\t\t\t\t\t<div class=\"elementor-text-editor elementor-clearfix\"><p><a href=\"https:\/\/www.e-graine.org\/les-associations-regionales\/nouvelle-aquitaine\/\" target=\"_blank\" rel=\"noopener\"><img loading=\"lazy\" class=\"alignright wp-image-277\" src=\"http:\/\/monquartierzz.org\/wp-content\/uploads\/2020\/01\/E-Graine.jpg\" alt=\"\" width=\"183\" height=\"183\" srcset=\"https:\/\/monquartierzz.org\/wp-content\/uploads\/2020\/01\/E-Graine.jpg 300w, https:\/\/monquartierzz.org\/wp-content\/uploads\/2020\/01\/E-Graine-150x150.jpg 150w\" sizes=\"(max-width: 183px) 100vw, 183px\" \/><\/a>\u00a0<\/p><p><span style=\"font-size: 17.3333px;\">Animations en d\u00e9ambulation \u00e0 la rencontre des habitant\u00b7es pour sensibiliser et informer au z\u00e9ro d\u00e9chet.<\/span><\/p><\/div>\n\t\t\t\t<\/div>\n\t\t\t\t<\/div>\n\t\t\t\t\t\t<\/div>\n\t\t\t\t\t<\/div>\n\t\t<\/div>\n\t\t\t\t\t\t\t\t<\/div>\n\t\t\t\t\t<\/div>\n\t\t<\/section>\n\t\t\t\t<section class=\"elementor-section elementor-top-section elementor-element elementor-element-1668833 elementor-section-boxed elementor-section-height-default elementor-section-height-default\" data-id=\"1668833\" data-element_type=\"section\">\n\t\t\t\t\t\t<div class=\"elementor-container elementor-column-gap-default\">\n\t\t\t\t\t\t\t<div class=\"elementor-row\">\n\t\t\t\t\t<div class=\"elementor-column elementor-col-100 elementor-top-column elementor-element elementor-element-4f3d0ec\" data-id=\"4f3d0ec\" data-element_type=\"column\">\n\t\t\t<div class=\"elementor-column-wrap elementor-element-populated\">\n\t\t\t\t\t\t\t<div class=\"elementor-widget-wrap\">\n\t\t\t\t\t\t<div class=\"elementor-element elementor-element-1af6e71 elementor-widget elementor-widget-heading\" data-id=\"1af6e71\" data-element_type=\"widget\" data-widget_type=\"heading.default\">\n\t\t\t\t<div class=\"elementor-widget-container\">\n\t\t\t<h2 class=\"elementor-heading-title elementor-size-default\">Initiation \u00e0 la lutherie de r\u00e9cup\u00e9ration et pratique de jeu en groupe - slowfest<\/h2>\t\t<\/div>\n\t\t\t\t<\/div>\n\t\t\t\t\t\t<\/div>\n\t\t\t\t\t<\/div>\n\t\t<\/div>\n\t\t\t\t\t\t\t\t<\/div>\n\t\t\t\t\t<\/div>\n\t\t<\/section>\n\t\t\t\t<section class=\"elementor-section elementor-top-section elementor-element elementor-element-7b09ef5 elementor-section-boxed elementor-section-height-default elementor-section-height-default\" data-id=\"7b09ef5\" data-element_type=\"section\">\n\t\t\t\t\t\t<div class=\"elementor-container elementor-column-gap-default\">\n\t\t\t\t\t\t\t<div class=\"elementor-row\">\n\t\t\t\t\t<div class=\"elementor-column elementor-col-100 elementor-top-column elementor-element elementor-element-f1b1c1f\" data-id=\"f1b1c1f\" data-element_type=\"column\">\n\t\t\t<div class=\"elementor-column-wrap elementor-element-populated\">\n\t\t\t\t\t\t\t<div class=\"elementor-widget-wrap\">\n\t\t\t\t\t\t<div class=\"elementor-element elementor-element-2c06351 elementor-widget elementor-widget-text-editor\" data-id=\"2c06351\" data-element_type=\"widget\" data-widget_type=\"text-editor.default\">\n\t\t\t\t<div class=\"elementor-widget-container\">\n\t\t\t\t\t<div class=\"elementor-text-editor elementor-clearfix\"><p><a href=\"https:\/\/www.slowfest.org\/\" target=\"_blank\" rel=\"noopener\"><img loading=\"lazy\" class=\"alignleft wp-image-281\" src=\"http:\/\/monquartierzz.org\/wp-content\/uploads\/2020\/01\/Slowfest_logo-300x300.png\" alt=\"\" width=\"215\" height=\"215\" srcset=\"https:\/\/monquartierzz.org\/wp-content\/uploads\/2020\/01\/Slowfest_logo-300x300.png 300w, https:\/\/monquartierzz.org\/wp-content\/uploads\/2020\/01\/Slowfest_logo-150x150.png 150w, https:\/\/monquartierzz.org\/wp-content\/uploads\/2020\/01\/Slowfest_logo-768x768.png 768w, https:\/\/monquartierzz.org\/wp-content\/uploads\/2020\/01\/Slowfest_logo-1024x1024.png 1024w, https:\/\/monquartierzz.org\/wp-content\/uploads\/2020\/01\/Slowfest_logo.png 1080w\" sizes=\"(max-width: 215px) 100vw, 215px\" \/><\/a>\u00a0<span style=\"font-size: 17.3333px;\">Les musicien\u00b7nes du collectif Slowfest transforment de vieux objets, ou des objets du quotidien en instruments \u00e0 cordes, \u00e0 vent et percussions. Ces comp\u00e9tences seront mises \u00e0 disposition d&#8217; une \u00e9cole de musique ou centre d&#8217;animation pour sensibiliser les musicien\u00b7nes autant que les novices ou apprenti\u00b7es et de leur permettre de d\u00e9couvrir le recyclage cr\u00e9atif, le maniement d\u2019outils, allant du bricolage \u00e0 l\u2019accordage de notes.<\/span><\/p><p>On peut tout faire avec ce qu&#8217;on trouve dans nos poubelles : bidons, boites, tuyaux, morceaux de bois !<\/p><\/div>\n\t\t\t\t<\/div>\n\t\t\t\t<\/div>\n\t\t\t\t\t\t<\/div>\n\t\t\t\t\t<\/div>\n\t\t<\/div>\n\t\t\t\t\t\t\t\t<\/div>\n\t\t\t\t\t<\/div>\n\t\t<\/section>\n\t\t\t\t<section class=\"elementor-section elementor-top-section elementor-element elementor-element-479d967 elementor-section-boxed elementor-section-height-default elementor-section-height-default\" data-id=\"479d967\" data-element_type=\"section\">\n\t\t\t\t\t\t<div class=\"elementor-container elementor-column-gap-default\">\n\t\t\t\t\t\t\t<div class=\"elementor-row\">\n\t\t\t\t\t<div class=\"elementor-column elementor-col-100 elementor-top-column elementor-element elementor-element-00812f8\" data-id=\"00812f8\" data-element_type=\"column\">\n\t\t\t<div class=\"elementor-column-wrap elementor-element-populated\">\n\t\t\t\t\t\t\t<div class=\"elementor-widget-wrap\">\n\t\t\t\t\t\t<div class=\"elementor-element elementor-element-7a1a934 elementor-widget elementor-widget-heading\" data-id=\"7a1a934\" data-element_type=\"widget\" data-widget_type=\"heading.default\">\n\t\t\t\t<div class=\"elementor-widget-container\">\n\t\t\t<h2 class=\"elementor-heading-title elementor-size-default\">les chiffonniers de Bastide - ACTES Elise Atlantique <\/h2>\t\t<\/div>\n\t\t\t\t<\/div>\n\t\t\t\t\t\t<\/div>\n\t\t\t\t\t<\/div>\n\t\t<\/div>\n\t\t\t\t\t\t\t\t<\/div>\n\t\t\t\t\t<\/div>\n\t\t<\/section>\n\t\t\t\t<section class=\"elementor-section elementor-top-section elementor-element elementor-element-b7c86e5 elementor-section-boxed elementor-section-height-default elementor-section-height-default\" data-id=\"b7c86e5\" data-element_type=\"section\">\n\t\t\t\t\t\t<div class=\"elementor-container elementor-column-gap-default\">\n\t\t\t\t\t\t\t<div class=\"elementor-row\">\n\t\t\t\t\t<div class=\"elementor-column elementor-col-100 elementor-top-column elementor-element elementor-element-1cfc406\" data-id=\"1cfc406\" data-element_type=\"column\">\n\t\t\t<div class=\"elementor-column-wrap elementor-element-populated\">\n\t\t\t\t\t\t\t<div class=\"elementor-widget-wrap\">\n\t\t\t\t\t\t<div class=\"elementor-element elementor-element-f974410 elementor-widget elementor-widget-text-editor\" data-id=\"f974410\" data-element_type=\"widget\" data-widget_type=\"text-editor.default\">\n\t\t\t\t<div class=\"elementor-widget-container\">\n\t\t\t\t\t<div class=\"elementor-text-editor elementor-clearfix\"><p><a href=\"https:\/\/www.elise.com.fr\/\" target=\"_blank\" rel=\"noopener\"><img loading=\"lazy\" class=\"alignright wp-image-295\" src=\"http:\/\/monquartierzz.org\/wp-content\/uploads\/2020\/01\/Actes-Elises-300x300.jpg\" alt=\"\" width=\"206\" height=\"206\" srcset=\"https:\/\/monquartierzz.org\/wp-content\/uploads\/2020\/01\/Actes-Elises-300x300.jpg 300w, https:\/\/monquartierzz.org\/wp-content\/uploads\/2020\/01\/Actes-Elises-150x150.jpg 150w, https:\/\/monquartierzz.org\/wp-content\/uploads\/2020\/01\/Actes-Elises.jpg 380w\" sizes=\"(max-width: 206px) 100vw, 206px\" \/><\/a>\u00a0<span style=\"font-size: 17.3333px;\">Cr\u00e9ation d&#8217;une communaut\u00e9 de chiffonnier\u00b7\u00e8res sur la ville\u00a0 qui r\u00e9cup\u00e8rent des mat\u00e9riaux (m\u00e9tal, carton, plastiques, verre) dans les poubelles de rue pour les apporter en site de tri.<\/span><\/p><p>Ces chiffonnier\u00b7\u00e8res, constitu\u00e9\u00b7es de personnes en marge de la soci\u00e9t\u00e9, seraient les premiers acteurs du r\u00e9emploi urbain.<\/p><\/div>\n\t\t\t\t<\/div>\n\t\t\t\t<\/div>\n\t\t\t\t\t\t<\/div>\n\t\t\t\t\t<\/div>\n\t\t<\/div>\n\t\t\t\t\t\t\t\t<\/div>\n\t\t\t\t\t<\/div>\n\t\t<\/section>\n\t\t\t\t<section class=\"elementor-section elementor-top-section elementor-element elementor-element-de0bd48 elementor-section-boxed elementor-section-height-default elementor-section-height-default\" data-id=\"de0bd48\" data-element_type=\"section\">\n\t\t\t\t\t\t<div class=\"elementor-container elementor-column-gap-default\">\n\t\t\t\t\t\t\t<div class=\"elementor-row\">\n\t\t\t\t\t<div class=\"elementor-column elementor-col-100 elementor-top-column elementor-element elementor-element-c65eefa\" data-id=\"c65eefa\" data-element_type=\"column\">\n\t\t\t<div class=\"elementor-column-wrap elementor-element-populated\">\n\t\t\t\t\t\t\t<div class=\"elementor-widget-wrap\">\n\t\t\t\t\t\t<div class=\"elementor-element elementor-element-2599a9a elementor-widget elementor-widget-heading\" data-id=\"2599a9a\" data-element_type=\"widget\" data-widget_type=\"heading.default\">\n\t\t\t\t<div class=\"elementor-widget-container\">\n\t\t\t<h2 class=\"elementor-heading-title elementor-size-default\">Compostage participatif de quartier - Au Ras du sol<\/h2>\t\t<\/div>\n\t\t\t\t<\/div>\n\t\t\t\t\t\t<\/div>\n\t\t\t\t\t<\/div>\n\t\t<\/div>\n\t\t\t\t\t\t\t\t<\/div>\n\t\t\t\t\t<\/div>\n\t\t<\/section>\n\t\t\t\t<section class=\"elementor-section elementor-top-section elementor-element elementor-element-3899ee2 elementor-section-boxed elementor-section-height-default elementor-section-height-default\" data-id=\"3899ee2\" data-element_type=\"section\">\n\t\t\t\t\t\t<div class=\"elementor-container elementor-column-gap-default\">\n\t\t\t\t\t\t\t<div class=\"elementor-row\">\n\t\t\t\t\t<div class=\"elementor-column elementor-col-100 elementor-top-column elementor-element elementor-element-411f799\" data-id=\"411f799\" data-element_type=\"column\">\n\t\t\t<div class=\"elementor-column-wrap elementor-element-populated\">\n\t\t\t\t\t\t\t<div class=\"elementor-widget-wrap\">\n\t\t\t\t\t\t<div class=\"elementor-element elementor-element-7cdebb3 elementor-widget elementor-widget-text-editor\" data-id=\"7cdebb3\" data-element_type=\"widget\" data-widget_type=\"text-editor.default\">\n\t\t\t\t<div class=\"elementor-widget-container\">\n\t\t\t\t\t<div class=\"elementor-text-editor elementor-clearfix\"><p><a href=\"https:\/\/www.aurasdusol.org\/\" target=\"_blank\" rel=\"noopener\"><img loading=\"lazy\" class=\"alignleft wp-image-275\" src=\"http:\/\/monquartierzz.org\/wp-content\/uploads\/2020\/01\/au-ras-du-sol-300x181.png\" alt=\"\" width=\"224\" height=\"135\" srcset=\"https:\/\/monquartierzz.org\/wp-content\/uploads\/2020\/01\/au-ras-du-sol-300x181.png 300w, https:\/\/monquartierzz.org\/wp-content\/uploads\/2020\/01\/au-ras-du-sol.png 340w\" sizes=\"(max-width: 224px) 100vw, 224px\" \/><\/a>\u00a0<span style=\"font-size: 17.3333px;\">Inventer avec les habitant\u00b7es un espace p\u00e9renne de compostage p\u00e9dagogique, convivial et participatif sur le quartier Bastide-Benauge. Ce projet de territoire implique des structures locales qui souhaitent s&#8217;adapter et favoriser l&#8217;appropriation par les habitants du quartier.<\/span><\/p><\/div>\n\t\t\t\t<\/div>\n\t\t\t\t<\/div>\n\t\t\t\t\t\t<\/div>\n\t\t\t\t\t<\/div>\n\t\t<\/div>\n\t\t\t\t\t\t\t\t<\/div>\n\t\t\t\t\t<\/div>\n\t\t<\/section>\n\t\t\t\t<section class=\"elementor-section elementor-top-section elementor-element elementor-element-04e7ccd elementor-section-boxed elementor-section-height-default elementor-section-height-default\" data-id=\"04e7ccd\" data-element_type=\"section\">\n\t\t\t\t\t\t<div class=\"elementor-container elementor-column-gap-default\">\n\t\t\t\t\t\t\t<div class=\"elementor-row\">\n\t\t\t\t\t<div class=\"elementor-column elementor-col-100 elementor-top-column elementor-element elementor-element-e50010d\" data-id=\"e50010d\" data-element_type=\"column\">\n\t\t\t<div class=\"elementor-column-wrap elementor-element-populated\">\n\t\t\t\t\t\t\t<div class=\"elementor-widget-wrap\">\n\t\t\t\t\t\t<div class=\"elementor-element elementor-element-92624dc elementor-widget elementor-widget-heading\" data-id=\"92624dc\" data-element_type=\"widget\" data-widget_type=\"heading.default\">\n\t\t\t\t<div class=\"elementor-widget-container\">\n\t\t\t<h2 class=\"elementor-heading-title elementor-size-default\">ateliers couture - Recup\u2019r<\/h2>\t\t<\/div>\n\t\t\t\t<\/div>\n\t\t\t\t\t\t<\/div>\n\t\t\t\t\t<\/div>\n\t\t<\/div>\n\t\t\t\t\t\t\t\t<\/div>\n\t\t\t\t\t<\/div>\n\t\t<\/section>\n\t\t\t\t<section class=\"elementor-section elementor-top-section elementor-element elementor-element-fc31c16 elementor-section-boxed elementor-section-height-default elementor-section-height-default\" data-id=\"fc31c16\" data-element_type=\"section\">\n\t\t\t\t\t\t<div class=\"elementor-container elementor-column-gap-default\">\n\t\t\t\t\t\t\t<div class=\"elementor-row\">\n\t\t\t\t\t<div class=\"elementor-column elementor-col-100 elementor-top-column elementor-element elementor-element-7af4c1a\" data-id=\"7af4c1a\" data-element_type=\"column\">\n\t\t\t<div class=\"elementor-column-wrap elementor-element-populated\">\n\t\t\t\t\t\t\t<div class=\"elementor-widget-wrap\">\n\t\t\t\t\t\t<div class=\"elementor-element elementor-element-c1d9b90 elementor-widget elementor-widget-text-editor\" data-id=\"c1d9b90\" data-element_type=\"widget\" data-widget_type=\"text-editor.default\">\n\t\t\t\t<div class=\"elementor-widget-container\">\n\t\t\t\t\t<div class=\"elementor-text-editor elementor-clearfix\"><p><a href=\"http:\/\/recupr.org\/\" target=\"_blank\" rel=\"noopener\"><img loading=\"lazy\" class=\"alignright wp-image-278 size-full\" src=\"http:\/\/monquartierzz.org\/wp-content\/uploads\/2020\/01\/R\u00e9cupR.jpg\" alt=\"\" width=\"219\" height=\"219\" srcset=\"https:\/\/monquartierzz.org\/wp-content\/uploads\/2020\/01\/R\u00e9cupR.jpg 219w, https:\/\/monquartierzz.org\/wp-content\/uploads\/2020\/01\/R\u00e9cupR-150x150.jpg 150w\" sizes=\"(max-width: 219px) 100vw, 219px\" \/><\/a>\u00a0<span style=\"font-size: 17.3333px;\">Deux animateur\u00b7rices accompagneront les habitant\u00b7es du quartier \u00e0 l\u2019auto-r\u00e9paration de textile. Des ateliers r\u00e9guliers et participatifs de couture auront lieu dans le but d&#8217;enseigner \u00e0 repriser, retoucher, customiser ses v\u00eatements et accessoires.<\/span><\/p><p>Il sera \u00e9galement possible d\u2019y cr\u00e9er des objets de d\u00e9coration et cadeaux pour No\u00ebl, des costumes pour le carnaval, etc.<\/p><\/div>\n\t\t\t\t<\/div>\n\t\t\t\t<\/div>\n\t\t\t\t\t\t<\/div>\n\t\t\t\t\t<\/div>\n\t\t<\/div>\n\t\t\t\t\t\t\t\t<\/div>\n\t\t\t\t\t<\/div>\n\t\t<\/section>\n\t\t\t\t<section class=\"elementor-section elementor-top-section elementor-element elementor-element-d5135bd elementor-section-boxed elementor-section-height-default elementor-section-height-default\" data-id=\"d5135bd\" data-element_type=\"section\">\n\t\t\t\t\t\t<div class=\"elementor-container elementor-column-gap-default\">\n\t\t\t\t\t\t\t<div class=\"elementor-row\">\n\t\t\t\t\t<div class=\"elementor-column elementor-col-100 elementor-top-column elementor-element elementor-element-8fd4bc3\" data-id=\"8fd4bc3\" data-element_type=\"column\">\n\t\t\t<div class=\"elementor-column-wrap elementor-element-populated\">\n\t\t\t\t\t\t\t<div class=\"elementor-widget-wrap\">\n\t\t\t\t\t\t<div class=\"elementor-element elementor-element-8dd8c0a elementor-widget elementor-widget-heading\" data-id=\"8dd8c0a\" data-element_type=\"widget\" data-widget_type=\"heading.default\">\n\t\t\t\t<div class=\"elementor-widget-container\">\n\t\t\t<h2 class=\"elementor-heading-title elementor-size-default\">ateliers culinaires et porte-\u00e0-porte - \u00c9changes Nord Sud<\/h2>\t\t<\/div>\n\t\t\t\t<\/div>\n\t\t\t\t\t\t<\/div>\n\t\t\t\t\t<\/div>\n\t\t<\/div>\n\t\t\t\t\t\t\t\t<\/div>\n\t\t\t\t\t<\/div>\n\t\t<\/section>\n\t\t\t\t<section class=\"elementor-section elementor-top-section elementor-element elementor-element-0996b74 elementor-section-boxed elementor-section-height-default elementor-section-height-default\" data-id=\"0996b74\" data-element_type=\"section\">\n\t\t\t\t\t\t<div class=\"elementor-container elementor-column-gap-default\">\n\t\t\t\t\t\t\t<div class=\"elementor-row\">\n\t\t\t\t\t<div class=\"elementor-column elementor-col-100 elementor-top-column elementor-element elementor-element-c84ff19\" data-id=\"c84ff19\" data-element_type=\"column\">\n\t\t\t<div class=\"elementor-column-wrap elementor-element-populated\">\n\t\t\t\t\t\t\t<div class=\"elementor-widget-wrap\">\n\t\t\t\t\t\t<div class=\"elementor-element elementor-element-de91eef elementor-widget elementor-widget-text-editor\" data-id=\"de91eef\" data-element_type=\"widget\" data-widget_type=\"text-editor.default\">\n\t\t\t\t<div class=\"elementor-widget-container\">\n\t\t\t\t\t<div class=\"elementor-text-editor elementor-clearfix\"><p><a href=\"https:\/\/www.echangenordsud.org\/\" target=\"_blank\" rel=\"noopener\"><img loading=\"lazy\" class=\"alignleft wp-image-296\" src=\"http:\/\/monquartierzz.org\/wp-content\/uploads\/2020\/01\/\u00c9change-Nord-Sud-211x300.png\" alt=\"\" width=\"181\" height=\"257\" srcset=\"https:\/\/monquartierzz.org\/wp-content\/uploads\/2020\/01\/\u00c9change-Nord-Sud-211x300.png 211w, https:\/\/monquartierzz.org\/wp-content\/uploads\/2020\/01\/\u00c9change-Nord-Sud.png 267w\" sizes=\"(max-width: 181px) 100vw, 181px\" \/><\/a>\u00a0<span style=\"font-size: 17.3333px;\">Plusieurs activit\u00e9s seront propos\u00e9es :<\/span><\/p><ul><li>des ateliers culinaires anti-gaspi<\/li><li>des ateliers de valorisation artistique des m\u00e9taux<\/li><li>un cin\u00e9-d\u00e9bat sur les enjeux alimentaires<\/li><li>la promotion du syst\u00e8me de consigne<\/li><li>accompagner les habitant\u00b7es et structures du territoire dans une d\u00e9marche de r\u00e9duction des d\u00e9chets<\/li><\/ul><\/div>\n\t\t\t\t<\/div>\n\t\t\t\t<\/div>\n\t\t\t\t\t\t<\/div>\n\t\t\t\t\t<\/div>\n\t\t<\/div>\n\t\t\t\t\t\t\t\t<\/div>\n\t\t\t\t\t<\/div>\n\t\t<\/section>\n\t\t\t\t<section class=\"elementor-section elementor-top-section elementor-element elementor-element-50c0de7 elementor-section-boxed elementor-section-height-default elementor-section-height-default\" data-id=\"50c0de7\" data-element_type=\"section\">\n\t\t\t\t\t\t<div class=\"elementor-container elementor-column-gap-default\">\n\t\t\t\t\t\t\t<div class=\"elementor-row\">\n\t\t\t\t\t<div class=\"elementor-column elementor-col-100 elementor-top-column elementor-element elementor-element-d880541\" data-id=\"d880541\" data-element_type=\"column\">\n\t\t\t<div class=\"elementor-column-wrap elementor-element-populated\">\n\t\t\t\t\t\t\t<div class=\"elementor-widget-wrap\">\n\t\t\t\t\t\t<div class=\"elementor-element elementor-element-cb74956 elementor-widget elementor-widget-heading\" data-id=\"cb74956\" data-element_type=\"widget\" data-widget_type=\"heading.default\">\n\t\t\t\t<div class=\"elementor-widget-container\">\n\t\t\t<h2 class=\"elementor-heading-title elementor-size-default\">Cr\u00e9ation d'une fili\u00e8re de r\u00e9emploi de contenant en verre - la Consigne Bordelaise<\/h2>\t\t<\/div>\n\t\t\t\t<\/div>\n\t\t\t\t\t\t<\/div>\n\t\t\t\t\t<\/div>\n\t\t<\/div>\n\t\t\t\t\t\t\t\t<\/div>\n\t\t\t\t\t<\/div>\n\t\t<\/section>\n\t\t\t\t<section class=\"elementor-section elementor-top-section elementor-element elementor-element-fe8f13e elementor-section-boxed elementor-section-height-default elementor-section-height-default\" data-id=\"fe8f13e\" data-element_type=\"section\">\n\t\t\t\t\t\t<div class=\"elementor-container elementor-column-gap-default\">\n\t\t\t\t\t\t\t<div class=\"elementor-row\">\n\t\t\t\t\t<div class=\"elementor-column elementor-col-100 elementor-top-column elementor-element elementor-element-7dc3fe7\" data-id=\"7dc3fe7\" data-element_type=\"column\">\n\t\t\t<div class=\"elementor-column-wrap elementor-element-populated\">\n\t\t\t\t\t\t\t<div class=\"elementor-widget-wrap\">\n\t\t\t\t\t\t<div class=\"elementor-element elementor-element-8cbfd0d elementor-widget elementor-widget-text-editor\" data-id=\"8cbfd0d\" data-element_type=\"widget\" data-widget_type=\"text-editor.default\">\n\t\t\t\t<div class=\"elementor-widget-container\">\n\t\t\t\t\t<div class=\"elementor-text-editor elementor-clearfix\"><p><a href=\"https:\/\/www.facebook.com\/laconsignebordelaise\/\" target=\"_blank\" rel=\"noopener\"><img loading=\"lazy\" class=\"alignright wp-image-297\" src=\"http:\/\/monquartierzz.org\/wp-content\/uploads\/2020\/01\/La-consigne-bordelaise-300x300.png\" alt=\"\" width=\"196\" height=\"196\" srcset=\"https:\/\/monquartierzz.org\/wp-content\/uploads\/2020\/01\/La-consigne-bordelaise-300x300.png 300w, https:\/\/monquartierzz.org\/wp-content\/uploads\/2020\/01\/La-consigne-bordelaise-150x150.png 150w, https:\/\/monquartierzz.org\/wp-content\/uploads\/2020\/01\/La-consigne-bordelaise.png 500w\" sizes=\"(max-width: 196px) 100vw, 196px\" \/><\/a>\u00a0<\/p><p>Action aupr\u00e8s des producteur\u00b7rices locaux\u00b7les pour r\u00e9utiliser les contenants en verre utilis\u00e9s, tels que les pots de confiture, les bouteilles de lait, de soupe ou encore de bi\u00e8res.<\/p><\/div>\n\t\t\t\t<\/div>\n\t\t\t\t<\/div>\n\t\t\t\t\t\t<\/div>\n\t\t\t\t\t<\/div>\n\t\t<\/div>\n\t\t\t\t\t\t\t\t<\/div>\n\t\t\t\t\t<\/div>\n\t\t<\/section>\n\t\t\t\t<section class=\"elementor-section elementor-top-section elementor-element elementor-element-cc3bc3a elementor-section-boxed elementor-section-height-default elementor-section-height-default\" data-id=\"cc3bc3a\" data-element_type=\"section\">\n\t\t\t\t\t\t<div class=\"elementor-container elementor-column-gap-default\">\n\t\t\t\t\t\t\t<div class=\"elementor-row\">\n\t\t\t\t\t<div class=\"elementor-column elementor-col-100 elementor-top-column elementor-element elementor-element-aa54d42\" data-id=\"aa54d42\" data-element_type=\"column\">\n\t\t\t<div class=\"elementor-column-wrap elementor-element-populated\">\n\t\t\t\t\t\t\t<div class=\"elementor-widget-wrap\">\n\t\t\t\t\t\t<div class=\"elementor-element elementor-element-f44891e elementor-widget elementor-widget-heading\" data-id=\"f44891e\" data-element_type=\"widget\" data-widget_type=\"heading.default\">\n\t\t\t\t<div class=\"elementor-widget-container\">\n\t\t\t<h2 class=\"elementor-heading-title elementor-size-default\">sensibilisation au gaspillage vestimentaire - le relais<\/h2>\t\t<\/div>\n\t\t\t\t<\/div>\n\t\t\t\t\t\t<\/div>\n\t\t\t\t\t<\/div>\n\t\t<\/div>\n\t\t\t\t\t\t\t\t<\/div>\n\t\t\t\t\t<\/div>\n\t\t<\/section>\n\t\t\t\t<section class=\"elementor-section elementor-top-section elementor-element elementor-element-3a7bd59 elementor-section-boxed elementor-section-height-default elementor-section-height-default\" data-id=\"3a7bd59\" data-element_type=\"section\">\n\t\t\t\t\t\t<div class=\"elementor-container elementor-column-gap-default\">\n\t\t\t\t\t\t\t<div class=\"elementor-row\">\n\t\t\t\t\t<div class=\"elementor-column elementor-col-100 elementor-top-column elementor-element elementor-element-9b907a6\" data-id=\"9b907a6\" data-element_type=\"column\">\n\t\t\t<div class=\"elementor-column-wrap elementor-element-populated\">\n\t\t\t\t\t\t\t<div class=\"elementor-widget-wrap\">\n\t\t\t\t\t\t<div class=\"elementor-element elementor-element-120f61b elementor-widget elementor-widget-text-editor\" data-id=\"120f61b\" data-element_type=\"widget\" data-widget_type=\"text-editor.default\">\n\t\t\t\t<div class=\"elementor-widget-container\">\n\t\t\t\t\t<div class=\"elementor-text-editor elementor-clearfix\"><p><a href=\"http:\/\/lerelais.org\/\" target=\"_blank\" rel=\"noopener\" data-wplink-edit=\"true\"><img loading=\"lazy\" class=\"alignleft wp-image-298\" src=\"http:\/\/monquartierzz.org\/wp-content\/uploads\/2020\/01\/Logo-Le-Relais-300x80.jpg\" alt=\"\" width=\"269\" height=\"72\" \/><\/a><span style=\"font-size: 17.3333px;\">Le Relais participera au projet notamment via la collecte mobile de textiles et l\u2019identification des bornes de collecte sur le quartier par les habitant\u00b7es.<\/span><\/p><\/div>\n\t\t\t\t<\/div>\n\t\t\t\t<\/div>\n\t\t\t\t<div class=\"elementor-element elementor-element-77702fc elementor-widget elementor-widget-spacer\" data-id=\"77702fc\" data-element_type=\"widget\" data-widget_type=\"spacer.default\">\n\t\t\t\t<div class=\"elementor-widget-container\">\n\t\t\t\t\t<div class=\"elementor-spacer\">\n\t\t\t<div class=\"elementor-spacer-inner\"><\/div>\n\t\t<\/div>\n\t\t\t\t<\/div>\n\t\t\t\t<\/div>\n\t\t\t\t<div class=\"elementor-element elementor-element-c3116bb elementor-widget elementor-widget-heading\" data-id=\"c3116bb\" data-element_type=\"widget\" data-widget_type=\"heading.default\">\n\t\t\t\t<div class=\"elementor-widget-container\">\n\t\t\t<h2 class=\"elementor-heading-title elementor-size-default\">\u00c9ko-visite en supermarch\u00e9<\/h2>\t\t<\/div>\n\t\t\t\t<\/div>\n\t\t\t\t<div class=\"elementor-element elementor-element-6ba764e elementor-position-right elementor-vertical-align-top elementor-widget elementor-widget-image-box\" data-id=\"6ba764e\" data-element_type=\"widget\" data-widget_type=\"image-box.default\">\n\t\t\t\t<div class=\"elementor-widget-container\">\n\t\t\t<div class=\"elementor-image-box-wrapper\"><figure class=\"elementor-image-box-img\"><a href=\"https:\/\/www.ekologeek.com\/page\/165915-ecogeste-eau-energie-dechets-consommer-responsable\"><img width=\"150\" height=\"40\" src=\"https:\/\/monquartierzz.org\/wp-content\/uploads\/2020\/01\/Ekologeek-e1598619131361.png\" class=\"attachment-full size-full\" alt=\"\" loading=\"lazy\" \/><\/a><\/figure><div class=\"elementor-image-box-content\"><p class=\"elementor-image-box-description\">En groupe constitu\u00e9, visite anim\u00e9e d'un supermarch\u00e9 local pour d\u00e9couvrir comment y faire ses courses en produisant le moins de d\u00e9chets possible.<\/p><\/div><\/div>\t\t<\/div>\n\t\t\t\t<\/div>\n\t\t\t\t\t\t<\/div>\n\t\t\t\t\t<\/div>\n\t\t<\/div>\n\t\t\t\t\t\t\t\t<\/div>\n\t\t\t\t\t<\/div>\n\t\t<\/section>\n\t\t\t\t\t\t<\/div>\n\t\t\t\t\t\t<\/div>\n\t\t\t\t\t<\/div>\n\t\t","protected":false},"excerpt":{"rendered":"<p>25 actions vont \u00eatre r\u00e9alis\u00e9es dans le cadre du quartier z\u00e9ro d\u00e9chet, vous en retrouverez la liste exhaustive ci-dessous, class\u00e9e par th\u00e9matique. ALIMENTATION VESTIMENTAIRE R\u00c9UTILISATION COMPOSTAGE ATELIERS INTERACTIFS POUR LES [&hellip;]<\/p>\n","protected":false},"author":1,"featured_media":0,"parent":0,"menu_order":0,"comment_status":"closed","ping_status":"closed","template":"","meta":[],"_links":{"self":[{"href":"https:\/\/monquartierzz.org\/index.php\/wp-json\/wp\/v2\/pages\/113"}],"collection":[{"href":"https:\/\/monquartierzz.org\/index.php\/wp-json\/wp\/v2\/pages"}],"about":[{"href":"https:\/\/monquartierzz.org\/index.php\/wp-json\/wp\/v2\/types\/page"}],"author":[{"embeddable":true,"href":"https:\/\/monquartierzz.org\/index.php\/wp-json\/wp\/v2\/users\/1"}],"replies":[{"embeddable":true,"href":"https:\/\/monquartierzz.org\/index.php\/wp-json\/wp\/v2\/comments?post=113"}],"version-history":[{"count":56,"href":"https:\/\/monquartierzz.org\/index.php\/wp-json\/wp\/v2\/pages\/113\/revisions"}],"predecessor-version":[{"id":831,"href":"https:\/\/monquartierzz.org\/index.php\/wp-json\/wp\/v2\/pages\/113\/revisions\/831"}],"wp:attachment":[{"href":"https:\/\/monquartierzz.org\/index.php\/wp-json\/wp\/v2\/media?parent=113"}],"curies":[{"name":"wp","href":"https:\/\/api.w.org\/{rel}","templated":true}]}}